{"id":791,"date":"2024-12-09T18:32:23","date_gmt":"2024-12-09T18:32:23","guid":{"rendered":"https:\/\/www.bio-des-alberes.fr\/?page_id=791"},"modified":"2025-10-24T02:40:36","modified_gmt":"2025-10-24T02:40:36","slug":"nos-fruits-et-legumes","status":"publish","type":"page","link":"https:\/\/www.bio-des-alberes.fr\/en\/nos-fruits-et-legumes\/","title":{"rendered":"Our fruits and vegetables"},"content":{"rendered":"<p>[et_pb_section fb_built=\u00a0\u00bb1&Prime; admin_label=\u00a0\u00bbFeatures\u00a0\u00bb _builder_version=\u00a0\u00bb4.27.4&Prime; _module_preset=\u00a0\u00bbdefault\u00a0\u00bb background_color=\u00a0\u00bbgcid-86e0e939-2c75-4117-936f-1ddaf39f4182&Prime; custom_padding=\u00a0\u00bb0px||0px||false|false\u00a0\u00bb collapsed=\u00a0\u00bbon\u00a0\u00bb global_colors_info=\u00a0\u00bb{%22gcid-86e0e939-2c75-4117-936f-1ddaf39f4182%22:%91%22background_color%22%93}\u00a0\u00bb][et_pb_row _builder_version=\u00a0\u00bb4.27.4&Prime; _module_preset=\u00a0\u00bbdefault\u00a0\u00bb width=\u00a0\u00bb100%\u00a0\u00bb max_width=\u00a0\u00bb2560px\u00a0\u00bb custom_padding=\u00a0\u00bb0px||||false|false\u00a0\u00bb border_color_bottom=\u00a0\u00bb#7CDA24&Prime; global_colors_info=\u00a0\u00bb{}\u00a0\u00bb][et_pb_column type=\u00a0\u00bb4_4&Prime; _builder_version=\u00a0\u00bb4.27.4&Prime; _module_preset=\u00a0\u00bbdefault\u00a0\u00bb border_width_bottom=\u00a0\u00bb15px\u00a0\u00bb border_color_bottom=\u00a0\u00bb#7CDA24&Prime; global_colors_info=\u00a0\u00bb{}\u00a0\u00bb][et_pb_text _builder_version=\u00a0\u00bb4.27.4&Prime; _module_preset=\u00a0\u00bbdefault\u00a0\u00bb custom_margin=\u00a0\u00bb-4px|||||\u00a0\u00bb custom_padding=\u00a0\u00bb12px|||||\u00a0\u00bb global_colors_info=\u00a0\u00bb{}\u00a0\u00bb]<\/p>\n\n\t\t\t\t<p class=\"rs-p-wp-fix\"><\/p>\n\t\t\t\t<sr7-module data-alias=\"slider-1-12\" data-id=\"5\" id=\"SR7_5_1\" class=\"rs-ov-hidden\" data-version=\"6.7.23\">\n\t\t\t\t\t<sr7-adjuster><\/sr7-adjuster>\n\t\t\t\t\t<sr7-content>\n\t\t\t\t\t\t<sr7-slide id=\"SR7_5_1-9\" data-key=\"9\">\n\t\t\t\t\t\t\t<sr7-txt id=\"SR7_5_1-9-0\" class=\"sr7-layer\">\n\nLe BIO<\/sr7-txt>\n\t\t\t\t\t\t\t<a id=\"SR7_5_1-9-1\" class=\"sr7-layer\" href=\"https:\/\/www.bio-des-alberes.fr\" target=\"_self\">NOS PRODUITS<\/a>\n\t\t\t\t\t\t\t<a id=\"SR7_5_1-9-2\" class=\"sr7-layer\" href=\"https:\/\/www.bio-des-alberes.fr\/contact\/\" target=\"_self\">CONTACT<\/a>\n\t\t\t\t\t\t\t<sr7-txt id=\"SR7_5_1-9-3\" class=\"sr7-layer\">des Alb\u00e8res<\/sr7-txt>\n\t\t\t\t\t\t\t<sr7-txt id=\"SR7_5_1-9-6\" class=\"sr7-layer\">Des produits bio, pr\u00e8s de chez vous<\/sr7-txt>\n\t\t\t\t\t\t<\/sr7-slide>\n\t\t\t\t\t\t<sr7-slide id=\"SR7_5_1-10\" data-key=\"10\">\n\t\t\t\t\t\t<\/sr7-slide>\n\t\t\t\t\t<\/sr7-content>\n\t\t\t\t<\/sr7-module>\n\t\t\t\t<script>\n\t\t\t\t\tSR7.PMH ??={}; SR7.PMH[\"SR7_5_1\"] = {cn:100,state:false,fn: function() { if (_tpt!==undefined && _tpt.prepareModuleHeight !== undefined) {  _tpt.prepareModuleHeight({id:\"SR7_5_1\",el:[900,900,768,960,720],type:'standard',shdw:'0',gh:[900,900,743,565,349],gw:[1240,1240,1024,778,480],vpt:['-100px'],size:{fullWidth:true, fullHeight:false},mh:'0',onh:0,onw:0,bg:{color:'{\"orig\":\"transparent\",\"type\":\"solid\",\"string\":\"transparent\"}'}});   SR7.PMH[\"SR7_5_1\"].state=true;} else if(SR7.PMH[\"SR7_5_1\"].cn-->0)\tsetTimeout( SR7.PMH[\"SR7_5_1\"].fn,19);}};SR7.PMH[\"SR7_5_1\" ].fn();\n\t\t\t\t<\/script>\n\n<p>[\/et_pb_text][\/et_pb_column][\/et_pb_row][\/et_pb_section][et_pb_section fb_built=\u00a0\u00bb1&Prime; admin_label=\u00a0\u00bbHeader\u00a0\u00bb _builder_version=\u00a0\u00bb4.22.0&Prime; _module_preset=\u00a0\u00bbdefault\u00a0\u00bb background_color=\u00a0\u00bbgcid-86e0e939-2c75-4117-936f-1ddaf39f4182&Prime; overflow-x=\u00a0\u00bbhidden\u00a0\u00bb overflow-y=\u00a0\u00bbhidden\u00a0\u00bb collapsed=\u00a0\u00bbon\u00a0\u00bb global_colors_info=\u00a0\u00bb{%22gcid-86e0e939-2c75-4117-936f-1ddaf39f4182%22:%91%22background_color%22%93}\u00a0\u00bb][et_pb_row column_structure=\u00a0\u00bb2_5,3_5&Prime; _builder_version=\u00a0\u00bb4.27.4&Prime; _module_preset=\u00a0\u00bbdefault\u00a0\u00bb width=\u00a0\u00bb92%\u00a0\u00bb max_width=\u00a0\u00bb1554px\u00a0\u00bb animation_style=\u00a0\u00bbfade\u00a0\u00bb global_colors_info=\u00a0\u00bb{}\u00a0\u00bb][et_pb_column type=\u00a0\u00bb2_5&Prime; _builder_version=\u00a0\u00bb4.22.0&Prime; _module_preset=\u00a0\u00bbdefault\u00a0\u00bb custom_padding=\u00a0\u00bb60px||||false|false\u00a0\u00bb custom_padding_tablet=\u00a0\u00bb0px||||false|false\u00a0\u00bb custom_padding_phone=\u00a0\u00bb0px||||false|false\u00a0\u00bb custom_padding_last_edited=\u00a0\u00bbon|tablet\u00a0\u00bb global_colors_info=\u00a0\u00bb{}\u00a0\u00bb][et_pb_text _builder_version=\u00a0\u00bb4.27.4&Prime; _module_preset=\u00a0\u00bb00ace42e-0447-4bb2-962d-da54b9565191&Prime; header_4_text_color=\u00a0\u00bbgcid-9e45d964-2d43-42f1-8052-a1700ad1fc8d\u00a0\u00bb global_colors_info=\u00a0\u00bb{%22gcid-9e45d964-2d43-42f1-8052-a1700ad1fc8d%22:%91%22header_4_text_color%22%93}\u00a0\u00bb]<\/p>\n<h4>Nos Fruits et L\u00e9gumes<\/h4>\n<p>[\/et_pb_text][et_pb_text _builder_version=\u00a0\u00bb4.27.4&Prime; _module_preset=\u00a0\u00bb499da17a-e647-4d74-97c7-fac71d432df6&Prime; header_font=\u00a0\u00bbAcme|700|||||||\u00a0\u00bb animation_style=\u00a0\u00bbslide\u00a0\u00bb global_colors_info=\u00a0\u00bb{}\u00a0\u00bb]<\/p>\n<h1>Votre primeur local au c\u0153ur des Alb\u00e8res<\/h1>\n<p>[\/et_pb_text][et_pb_text _builder_version=\u00a0\u00bb4.27.4&Prime; _module_preset=\u00a0\u00bb146a38a0-0f80-4c4d-8df9-054c6f9df372&Prime; text_font=\u00a0\u00bbAcme||||||||\u00a0\u00bb text_font_size=\u00a0\u00bb20px\u00a0\u00bb animation_style=\u00a0\u00bbslide\u00a0\u00bb animation_direction=\u00a0\u00bbleft\u00a0\u00bb global_colors_info=\u00a0\u00bb{}\u00a0\u00bb]<\/p>\n<p>Id\u00e9alement situ\u00e9 au pied des Alb\u00e8res, Bio des Alb\u00e8res vous propose une s\u00e9lection vari\u00e9e de fruits et l\u00e9gumes frais, issus d\u2019une agriculture locale et respectueuse de l\u2019environnement. Nous travaillons en partenariat avec des producteurs passionn\u00e9s pour garantir des produits de qualit\u00e9, cultiv\u00e9s avec soin, qui refl\u00e8tent la richesse et l\u2019authenticit\u00e9 de notre terroir.<\/p>\n<p>[\/et_pb_text][\/et_pb_column][et_pb_column type=\u00a0\u00bb3_5&Prime; _builder_version=\u00a0\u00bb4.22.0&Prime; _module_preset=\u00a0\u00bbdefault\u00a0\u00bb global_colors_info=\u00a0\u00bb{}\u00a0\u00bb][et_pb_image src=\u00a0\u00bbhttps:\/\/www.bio-des-alberes.fr\/wp-content\/uploads\/2024\/12\/11200011-scaled.jpg\u00a0\u00bb title_text=\u00a0\u00bbSAMSUNG CSC\u00a0\u00bb show_bottom_space=\u00a0\u00bboff\u00a0\u00bb _builder_version=\u00a0\u00bb4.27.4&Prime; _module_preset=\u00a0\u00bbdefault\u00a0\u00bb width=\u00a0\u00bb100%\u00a0\u00bb max_width=\u00a0\u00bb100%\u00a0\u00bb min_height=\u00a0\u00bb561px\u00a0\u00bb height=\u00a0\u00bb398px\u00a0\u00bb height_tablet=\u00a0\u00bb398px\u00a0\u00bb height_phone=\u00a0\u00bb398px\u00a0\u00bb height_last_edited=\u00a0\u00bbon|phone\u00a0\u00bb max_height=\u00a0\u00bb292px\u00a0\u00bb custom_margin=\u00a0\u00bb92px||10.8%||false|false\u00a0\u00bb animation_style=\u00a0\u00bbslide\u00a0\u00bb animation_direction=\u00a0\u00bbright\u00a0\u00bb animation_duration=\u00a0\u00bb250ms\u00a0\u00bb border_width_bottom=\u00a0\u00bb11px\u00a0\u00bb border_color_bottom=\u00a0\u00bb#7CDA24&Prime; global_colors_info=\u00a0\u00bb{}\u00a0\u00bb][\/et_pb_image][et_pb_image src=\u00a0\u00bbhttps:\/\/www.bio-des-alberes.fr\/wp-content\/uploads\/2024\/12\/Food-coop-1.png\u00a0\u00bb title_text=\u00a0\u00bbFood-coop-1&Prime; show_bottom_space=\u00a0\u00bboff\u00a0\u00bb _builder_version=\u00a0\u00bb4.22.0&Prime; _module_preset=\u00a0\u00bbdefault\u00a0\u00bb transform_translate=\u00a0\u00bb40%|10%\u00a0\u00bb transform_translate_linked=\u00a0\u00bboff\u00a0\u00bb positioning=\u00a0\u00bbabsolute\u00a0\u00bb position_origin_a=\u00a0\u00bbbottom_right\u00a0\u00bb custom_margin=\u00a0\u00bb||||false|false\u00a0\u00bb global_colors_info=\u00a0\u00bb{}\u00a0\u00bb][\/et_pb_image][et_pb_image src=\u00a0\u00bbhttps:\/\/www.bio-des-alberes.fr\/wp-content\/uploads\/2024\/12\/Food-coop-2b.png\u00a0\u00bb title_text=\u00a0\u00bbFood-coop-2b\u00a0\u00bb align=\u00a0\u00bbright\u00a0\u00bb _builder_version=\u00a0\u00bb4.27.4&Prime; _module_preset=\u00a0\u00bbdefault\u00a0\u00bb transform_translate=\u00a0\u00bb50%|-50%\u00a0\u00bb transform_translate_linked=\u00a0\u00bboff\u00a0\u00bb positioning=\u00a0\u00bbabsolute\u00a0\u00bb position_origin_a=\u00a0\u00bbbottom_right\u00a0\u00bb width=\u00a0\u00bb70%\u00a0\u00bb max_width=\u00a0\u00bb42%\u00a0\u00bb global_colors_info=\u00a0\u00bb{}\u00a0\u00bb][\/et_pb_image][\/et_pb_column][\/et_pb_row][\/et_pb_section][et_pb_section fb_built=\u00a0\u00bb1&Prime; admin_label=\u00a0\u00bbCall to Action\u00a0\u00bb _builder_version=\u00a0\u00bb4.22.0&Prime; _module_preset=\u00a0\u00bbdefault\u00a0\u00bb background_color=\u00a0\u00bbgcid-86e0e939-2c75-4117-936f-1ddaf39f4182&Prime; background_image=\u00a0\u00bbhttps:\/\/www.bio-des-alberes.fr\/wp-content\/uploads\/2024\/12\/food-co-op-illustration-09.png\u00a0\u00bb background_size=\u00a0\u00bbinitial\u00a0\u00bb background_position=\u00a0\u00bbbottom_center\u00a0\u00bb custom_padding=\u00a0\u00bb13px||24px|||\u00a0\u00bb saved_tabs=\u00a0\u00bball\u00a0\u00bb collapsed=\u00a0\u00bbon\u00a0\u00bb global_colors_info=\u00a0\u00bb{%22gcid-86e0e939-2c75-4117-936f-1ddaf39f4182%22:%91%22background_color%22%93}\u00a0\u00bb][et_pb_row _builder_version=\u00a0\u00bb4.22.0&Prime; _module_preset=\u00a0\u00bbdefault\u00a0\u00bb global_colors_info=\u00a0\u00bb{}\u00a0\u00bb][et_pb_column type=\u00a0\u00bb4_4&Prime; _builder_version=\u00a0\u00bb4.22.0&Prime; _module_preset=\u00a0\u00bbdefault\u00a0\u00bb global_colors_info=\u00a0\u00bb{}\u00a0\u00bb][et_pb_image src=\u00a0\u00bbhttps:\/\/www.bio-des-alberes.fr\/wp-content\/uploads\/2024\/12\/fruits-et-legumes-bio-des-alberes.jpg\u00a0\u00bb title_text=\u00a0\u00bbfruits et legumes bio des alberes\u00a0\u00bb _builder_version=\u00a0\u00bb4.27.4&Prime; _module_preset=\u00a0\u00bbdefault\u00a0\u00bb background_enable_video_mp4=\u00a0\u00bboff\u00a0\u00bb width=\u00a0\u00bb100%\u00a0\u00bb max_width=\u00a0\u00bb100%\u00a0\u00bb height=\u00a0\u00bb806px\u00a0\u00bb max_height_tablet=\u00a0\u00bb\u00a0\u00bb max_height_phone=\u00a0\u00bb274px\u00a0\u00bb max_height_last_edited=\u00a0\u00bbon|phone\u00a0\u00bb filter_saturate=\u00a0\u00bb109%\u00a0\u00bb filter_brightness=\u00a0\u00bb102%\u00a0\u00bb box_shadow_style=\u00a0\u00bbpreset2&Prime; global_colors_info=\u00a0\u00bb{}\u00a0\u00bb][\/et_pb_image][\/et_pb_column][\/et_pb_row][et_pb_row _builder_version=\u00a0\u00bb4.22.0&Prime; _module_preset=\u00a0\u00bbdefault\u00a0\u00bb global_colors_info=\u00a0\u00bb{}\u00a0\u00bb][et_pb_column type=\u00a0\u00bb4_4&Prime; _builder_version=\u00a0\u00bb4.22.0&Prime; _module_preset=\u00a0\u00bbdefault\u00a0\u00bb global_colors_info=\u00a0\u00bb{}\u00a0\u00bb][et_pb_text _builder_version=\u00a0\u00bb4.27.4&Prime; _module_preset=\u00a0\u00bb3a843f62-f6b4-4495-a00f-dd51c25192bb\u00a0\u00bb header_font=\u00a0\u00bb||||||||\u00a0\u00bb header_2_font=\u00a0\u00bbAcme|700|on||||||\u00a0\u00bb text_orientation=\u00a0\u00bbcenter\u00a0\u00bb global_colors_info=\u00a0\u00bb{}\u00a0\u00bb]<\/p>\n<h2>Nos Fruits en pleine saison !<\/h2>\n<p>[\/et_pb_text][et_pb_button button_url=\u00a0\u00bbhttps:\/\/www.bio-des-alberes.fr\/\u00a0\u00bb button_text=\u00a0\u00bbeN SAVOIR PLUS\u00a0\u00bb button_alignment=\u00a0\u00bbcenter\u00a0\u00bb _builder_version=\u00a0\u00bb4.27.4&Prime; _module_preset=\u00a0\u00bbe92f3239-b50c-4d4c-b335-12c438c91ffc\u00a0\u00bb global_colors_info=\u00a0\u00bb{}\u00a0\u00bb][\/et_pb_button][\/et_pb_column][\/et_pb_row][et_pb_row _builder_version=\u00a0\u00bb4.27.4&Prime; _module_preset=\u00a0\u00bbdefault\u00a0\u00bb max_width=\u00a0\u00bb1458px\u00a0\u00bb global_colors_info=\u00a0\u00bb{}\u00a0\u00bb][et_pb_column type=\u00a0\u00bb4_4&Prime; _builder_version=\u00a0\u00bb4.27.4&Prime; _module_preset=\u00a0\u00bbdefault\u00a0\u00bb global_colors_info=\u00a0\u00bb{}\u00a0\u00bb][et_pb_code _builder_version=\u00a0\u00bb4.27.4&Prime; _module_preset=\u00a0\u00bbdefault\u00a0\u00bb global_colors_info=\u00a0\u00bb{}\u00a0\u00bb]<\/p>\n<section class=\"faq-bio-alberes\" aria-labelledby=\"faq-title\"><!-- [et_pb_line_break_holder] -->  <!-- [et_pb_line_break_holder] -->  <\/p>\n<h2 id=\"faq-title\" style=\"text-align: center; margin-bottom: 30px;\">Questions Fr\u00e9quentes sur vos Produits Bio Locaux<\/h2>\n<p><!-- [et_pb_line_break_holder] --><!-- [et_pb_line_break_holder] -->  <\/p>\n<div class=\"faq-container\"><!-- [et_pb_line_break_holder] --><!-- [et_pb_line_break_holder] -->    <\/p>\n<details><!-- [et_pb_line_break_holder] -->      <\/p>\n<summary>O\u00f9 trouver des produits bio et locaux dans les Alb\u00e8res ?<\/summary>\n<p><!-- [et_pb_line_break_holder] -->      <\/p>\n<div class=\"faq-content\"><!-- [et_pb_line_break_holder] -->        <pee>Notre magasin <strong>Bio des Alb\u00e8res<\/strong> est situ\u00e9 \u00e0 <strong>Laroque-des-Alb\u00e8res (66740)<\/strong>, \u00e0 la Zone artisanale (D\u00e9partementale 618). Nous sommes votre \u00e9picerie de r\u00e9f\u00e9rence pour les produits bio et locaux au c\u0153ur des Pyr\u00e9n\u00e9es-Orientales.<\/pee><!-- [et_pb_line_break_holder] -->      <\/div>\n<p><!-- [et_pb_line_break_holder] -->    <\/details>\n<p><!-- [et_pb_line_break_holder] --><!-- [et_pb_line_break_holder] -->    <\/p>\n<details><!-- [et_pb_line_break_holder] -->      <\/p>\n<summary>Quels types de produits bio proposez-vous \u00e0 Laroque-des-Alb\u00e8res ?<\/summary>\n<p><!-- [et_pb_line_break_holder] -->      <\/p>\n<div class=\"faq-content\"><!-- [et_pb_line_break_holder] -->        <pee>Nous proposons une large s\u00e9lection de produits du terroir :<\/pee><!-- [et_pb_line_break_holder] -->        <\/p>\n<ul><!-- [et_pb_line_break_holder] -->          <\/p>\n<li><strong>Fruits et l\u00e9gumes bio<\/strong> de saison, issus de producteurs locaux.<\/li>\n<p><!-- [et_pb_line_break_holder] -->          <\/p>\n<li><strong>Fromages<\/strong> artisanaux et locaux.<\/li>\n<p><!-- [et_pb_line_break_holder] -->          <\/p>\n<li><strong>Viande locale<\/strong> de qualit\u00e9.<\/li>\n<p><!-- [et_pb_line_break_holder] -->          <\/p>\n<li><strong>\u00c9picerie fine et produits secs<\/strong> (farines, l\u00e9gumineuses) de la r\u00e9gion.<\/li>\n<p><!-- [et_pb_line_break_holder] -->        <\/ul>\n<p><!-- [et_pb_line_break_holder] -->      <\/div>\n<p><!-- [et_pb_line_break_holder] -->    <\/details>\n<p><!-- [et_pb_line_break_holder] --><!-- [et_pb_line_break_holder] -->    <\/p>\n<details><!-- [et_pb_line_break_holder] -->      <\/p>\n<summary>Vos fruits et l\u00e9gumes sont-ils vraiment locaux ?<\/summary>\n<p><!-- [et_pb_line_break_holder] -->      <\/p>\n<div class=\"faq-content\"><!-- [et_pb_line_break_holder] -->        <pee>Oui, c&rsquo;est notre engagement principal. Nous privil\u00e9gions les circuits courts. La majorit\u00e9 de nos <strong>fruits et l\u00e9gumes bio proviennent de producteurs des Pyr\u00e9n\u00e9es-Orientales (66)<\/strong>, garantissant une fra\u00eecheur maximale et un soutien \u00e0 l&rsquo;\u00e9conomie locale des Alb\u00e8res.<\/pee><!-- [et_pb_line_break_holder] -->      <\/div>\n<p><!-- [et_pb_line_break_holder] -->    <\/details>\n<p><!-- [et_pb_line_break_holder] --><!-- [et_pb_line_break_holder] -->    <\/p>\n<details><!-- [et_pb_line_break_holder] -->      <\/p>\n<summary>Faites-vous la livraison de paniers bio (Saint-G\u00e9nis, Argel\u00e8s, Sor\u00e8de) ?<\/summary>\n<p><!-- [et_pb_line_break_holder] -->      <\/p>\n<div class=\"faq-content\"><!-- [et_pb_line_break_holder] -->        <pee>Pour des demandes sp\u00e9cifiques de paniers bio ou de livraison \u00e0 proximit\u00e9 de Laroque-des-Alb\u00e8res (comme \u00e0 <strong>Saint-G\u00e9nis-des-Fontaines<\/strong>, <strong>Argel\u00e8s-sur-Mer<\/strong>, ou <strong>Sor\u00e8de<\/strong>), nous vous invitons \u00e0 nous contacter directement par t\u00e9l\u00e9phone au <strong>06 22 29 88 54<\/strong> ou \u00e0 passer en magasin pour discuter de vos besoins.<\/pee><!-- [et_pb_line_break_holder] -->      <\/div>\n<p><!-- [et_pb_line_break_holder] -->    <\/details>\n<p><!-- [et_pb_line_break_holder] --><!-- [et_pb_line_break_holder] -->    <\/p>\n<details><!-- [et_pb_line_break_holder] -->      <\/p>\n<summary>Quels sont les horaires de votre \u00e9picerie bio ?<\/summary>\n<p><!-- [et_pb_line_break_holder] -->      <\/p>\n<div class=\"faq-content\"><!-- [et_pb_line_break_holder] -->        <pee>Notre magasin Bio des Alb\u00e8res vous accueille aux horaires suivants :<\/pee><!-- [et_pb_line_break_holder] -->        <\/p>\n<ul><!-- [et_pb_line_break_holder] -->          <\/p>\n<li>Mardi au Samedi : 09:15\u201313:00 | 15:30\u201319:00<\/li>\n<p><!-- [et_pb_line_break_holder] -->          <\/p>\n<li>Lundi &#038; Dimanche : Ferm\u00e9<\/li>\n<p><!-- [et_pb_line_break_holder] -->        <\/ul>\n<p><!-- [et_pb_line_break_holder] -->        <pee>Retrouvez-nous \u00e0 la Zone artisanale, D\u00e9partementale 618, 66740 Laroque-des-Alb\u00e8res.<\/pee><!-- [et_pb_line_break_holder] -->      <\/div>\n<p><!-- [et_pb_line_break_holder] -->    <\/details>\n<p><!-- [et_pb_line_break_holder] --><!-- [et_pb_line_break_holder] -->  <\/div>\n<p><!-- [et_pb_line_break_holder] --><!-- [et_pb_line_break_holder] -->  <script type=\"application\/ld+json\"><!-- [et_pb_line_break_holder] -->  {<!-- [et_pb_line_break_holder] -->    \"@context\": \"https:\/\/schema.org\",<!-- [et_pb_line_break_holder] -->    \"@type\": \"FAQPage\",<!-- [et_pb_line_break_holder] -->    \"mainEntity\": [<!-- [et_pb_line_break_holder] -->      {<!-- [et_pb_line_break_holder] -->        \"@type\": \"Question\",<!-- [et_pb_line_break_holder] -->        \"name\": \"O\u00f9 trouver des produits bio et locaux dans les Alb\u00e8res ?\",<!-- [et_pb_line_break_holder] -->        \"acceptedAnswer\": {<!-- [et_pb_line_break_holder] -->          \"@type\": \"Answer\",<!-- [et_pb_line_break_holder] -->          \"text\": \"Notre magasin Bio des Alb\u00e8res est situ\u00e9 \u00e0 Laroque-des-Alb\u00e8res (66740), \u00e0 la Zone artisanale (D\u00e9partementale 618). Nous sommes votre \u00e9picerie de r\u00e9f\u00e9rence pour les produits bio et locaux au c\u0153ur des Pyr\u00e9n\u00e9es-Orientales.\"<!-- [et_pb_line_break_holder] -->        }<!-- [et_pb_line_break_holder] -->      },<!-- [et_pb_line_break_holder] -->      {<!-- [et_pb_line_break_holder] -->        \"@type\": \"Question\",<!-- [et_pb_line_break_holder] -->        \"name\": \"Quels types de produits bio proposez-vous \u00e0 Laroque-des-Alb\u00e8res ?\",<!-- [et_pb_line_break_holder] -->        \"acceptedAnswer\": {<!-- [et_pb_line_break_holder] -->          \"@type\": \"Answer\",<!-- [et_pb_line_break_holder] -->          \"text\": \"Nous proposons une large s\u00e9lection de produits du terroir : Fruits et l\u00e9gumes bio de saison, issus de producteurs locaux. Fromages artisanaux et locaux. Viande locale de qualit\u00e9. \u00c9picerie fine et produits secs (farines, l\u00e9gumineuses) de la r\u00e9gion.\"<!-- [et_pb_line_break_holder] -->        }<!-- [et_pb_line_break_holder] -->      },<!-- [et_pb_line_break_holder] -->      {<!-- [et_pb_line_break_holder] -->        \"@type\": \"Question\",<!-- [et_pb_line_break_holder] -->        \"name\": \"Vos fruits et l\u00e9gumes sont-ils vraiment locaux ?\",<!-- [et_pb_line_break_holder] -->        \"acceptedAnswer\": {<!-- [et_pb_line_break_holder] -->          \"@type\": \"Answer\",<!-- [et_pb_line_break_holder] -->          \"text\": \"Oui, c'est notre engagement principal. Nous privil\u00e9gions les circuits courts. La majorit\u00e9 de nos fruits et l\u00e9gumes bio proviennent de producteurs des Pyr\u00e9n\u00e9es-Orientales (66), garantissant une fra\u00eecheur maximale et un soutien \u00e0 l'\u00e9conomie locale des Alb\u00e8res.\"<!-- [et_pb_line_break_holder] -->        }<!-- [et_pb_line_break_holder] -->      },<!-- [et_pb_line_break_holder] -->      {<!-- [et_pb_line_break_holder] -->        \"@type\": \"Question\",<!-- [et_pb_line_break_holder] -->        \"name\": \"Faites-vous la livraison de paniers bio (Saint-G\u00e9nis, Argel\u00e8s, Sor\u00e8de) ?\",<!-- [et_pb_line_break_holder] -->        \"acceptedAnswer\": {<!-- [et_pb_line_break_holder] -->          \"@type\": \"Answer\",<!-- [et_pb_line_break_holder] -->          \"text\": \"Pour des demandes sp\u00e9cifiques de paniers bio ou de livraison \u00e0 proximit\u00e9 de Laroque-des-Alb\u00e8res (comme \u00e0 Saint-G\u00e9nis-des-Fontaines, Argel\u00e8s-sur-Mer, ou Sor\u00e8de), nous vous invitons \u00e0 nous contacter directement par t\u00e9l\u00e9phone au 06 22 29 88 54 ou \u00e0 passer en magasin pour discuter de vos besoins.\"<!-- [et_pb_line_break_holder] -->        }<!-- [et_pb_line_break_holder] -->      },<!-- [et_pb_line_break_holder] -->      {<!-- [et_pb_line_break_holder] -->        \"@type\": \"Question\",<!-- [et_pb_line_break_holder] -->        \"name\": \"Quels sont les horaires de votre \u00e9picerie bio ?\",<!-- [et_pb_line_break_holder] -->        \"acceptedAnswer\": {<!-- [et_pb_line_break_holder] -->          \"@type\": \"Answer\",<!-- [et_pb_line_break_holder] -->          \"text\": \"Notre magasin Bio des Alb\u00e8res vous accueille du Mardi au Samedi de 09:15 \u00e0 13:00 et de 15:30 \u00e0 19:00. Nous sommes ferm\u00e9s le Lundi et le Dimanche. Retrouvez-nous \u00e0 la Zone artisanale, 66740 Laroque-des-Alb\u00e8res.\"<!-- [et_pb_line_break_holder] -->        }<!-- [et_pb_line_break_holder] -->      }<!-- [et_pb_line_break_holder] -->    ]<!-- [et_pb_line_break_holder] -->  }<!-- [et_pb_line_break_holder] -->  <\/script><!-- [et_pb_line_break_holder] --><!-- [et_pb_line_break_holder] --><\/section>\n<p>[\/et_pb_code][\/et_pb_column][\/et_pb_row][\/et_pb_section][et_pb_section fb_built=\u00a0\u00bb1&Prime; custom_padding_last_edited=\u00a0\u00bbon|phone\u00a0\u00bb admin_label=\u00a0\u00bbProducts\u00a0\u00bb _builder_version=\u00a0\u00bb4.27.4&Prime; _module_preset=\u00a0\u00bbdefault\u00a0\u00bb background_color=\u00a0\u00bbgcid-86e0e939-2c75-4117-936f-1ddaf39f4182&Prime; custom_padding_tablet=\u00a0\u00bb\u00a0\u00bb custom_padding_phone=\u00a0\u00bb|30px||30px|false|true\u00a0\u00bb collapsed=\u00a0\u00bbon\u00a0\u00bb global_colors_info=\u00a0\u00bb{%22gcid-86e0e939-2c75-4117-936f-1ddaf39f4182%22:%91%22background_color%22%93}\u00a0\u00bb][et_pb_row column_structure=\u00a0\u00bb1_2,1_2&Prime; _builder_version=\u00a0\u00bb4.27.4&Prime; _module_preset=\u00a0\u00bbdefault\u00a0\u00bb width=\u00a0\u00bb100%\u00a0\u00bb max_width=\u00a0\u00bb1712px\u00a0\u00bb global_colors_info=\u00a0\u00bb{}\u00a0\u00bb][et_pb_column type=\u00a0\u00bb1_2&Prime; _builder_version=\u00a0\u00bb4.22.0&Prime; _module_preset=\u00a0\u00bbdefault\u00a0\u00bb global_colors_info=\u00a0\u00bb{}\u00a0\u00bb][et_pb_image src=\u00a0\u00bbhttps:\/\/www.bio-des-alberes.fr\/wp-content\/uploads\/2024\/12\/11200034-scaled.jpg\u00a0\u00bb title_text=\u00a0\u00bbSAMSUNG CSC\u00a0\u00bb _builder_version=\u00a0\u00bb4.27.4&Prime; _module_preset=\u00a0\u00bbdefault\u00a0\u00bb custom_margin=\u00a0\u00bb60px|||||\u00a0\u00bb animation_style=\u00a0\u00bbslide\u00a0\u00bb animation_direction=\u00a0\u00bbleft\u00a0\u00bb global_colors_info=\u00a0\u00bb{}\u00a0\u00bb][\/et_pb_image][\/et_pb_column][et_pb_column type=\u00a0\u00bb1_2&Prime; _builder_version=\u00a0\u00bb4.22.0&Prime; _module_preset=\u00a0\u00bbdefault\u00a0\u00bb global_colors_info=\u00a0\u00bb{}\u00a0\u00bb][et_pb_text _builder_version=\u00a0\u00bb4.27.4&Prime; _module_preset=\u00a0\u00bb00ace42e-0447-4bb2-962d-da54b9565191&Prime; header_4_text_color=\u00a0\u00bbgcid-9e45d964-2d43-42f1-8052-a1700ad1fc8d\u00a0\u00bb text_orientation=\u00a0\u00bbcenter\u00a0\u00bb global_colors_info=\u00a0\u00bb{%22gcid-9e45d964-2d43-42f1-8052-a1700ad1fc8d%22:%91%22header_4_text_color%22%93}\u00a0\u00bb]<\/p>\n<h4>NOS ENGAGEMENTS, POUR UN AVENIR MEILLEUR<\/h4>\n<p>[\/et_pb_text][et_pb_text _builder_version=\u00a0\u00bb4.27.4&Prime; _module_preset=\u00a0\u00bbb3bd998b-6c9c-4048-9827-a723b5605f62&Prime; header_text_align=\u00a0\u00bbleft\u00a0\u00bb header_2_font=\u00a0\u00bbAcme|700|||||||\u00a0\u00bb custom_margin=\u00a0\u00bb||10px||false|false\u00a0\u00bb global_colors_info=\u00a0\u00bb{}\u00a0\u00bb]<\/p>\n<h2>Une richesse des saveurs<\/h2>\n<p>[\/et_pb_text][et_pb_text _builder_version=\u00a0\u00bb4.27.4&Prime; _module_preset=\u00a0\u00bbc39b8675-0560-4b6e-8727-2b884aafb386&Prime; text_font=\u00a0\u00bbAcme||||||||\u00a0\u00bb text_font_size=\u00a0\u00bb20px\u00a0\u00bb text_orientation=\u00a0\u00bbcenter\u00a0\u00bb custom_margin=\u00a0\u00bb32px|||||\u00a0\u00bb global_colors_info=\u00a0\u00bb{}\u00a0\u00bb]<\/p>\n<p style=\"text-align: left;\">Bio des Alb\u00e8res vous invite \u00e0 d\u00e9couvrir une palette vari\u00e9e de saveurs et de couleurs, alliant les incontournables du quotidien aux produits les plus originaux. Pommes croquantes, tomates juteuses, courgettes savoureuses, ou encore fruits secs pour une touche saine et gourmande, notre s\u00e9lection est pens\u00e9e pour satisfaire toutes vos envies culinaires.<\/p>\n<h3 style=\"text-align: left;\">Un engagement pour une agriculture durable<\/h3>\n<p style=\"text-align: left;\">Au Bio des Alb\u00e8res, la qualit\u00e9 ne s\u2019arr\u00eate pas au go\u00fbt. Chaque produit incarne notre engagement en faveur de pratiques agricoles responsables. En choisissant nos fruits et l\u00e9gumes, vous soutenez une agriculture locale respectueuse de l\u2019environnement et promotrice de biodiversit\u00e9.<\/p>\n<h3 style=\"text-align: left;\">Des services adapt\u00e9s \u00e0 vos besoins<\/h3>\n<p style=\"text-align: left;\">Que vous soyez un particulier en qu\u00eate de produits frais pour votre foyer ou un professionnel (restaurants, collectivit\u00e9s, \u00e9coles) cherchant des approvisionnements de qualit\u00e9 en demi-gros, Bio des Alb\u00e8res est votre alli\u00e9 de confiance. Nous nous engageons \u00e0 r\u00e9pondre aux exigences de chaque client, en valorisant le go\u00fbt et la fra\u00eecheur dans chaque assiette.<\/p>\n<p>[\/et_pb_text][\/et_pb_column][\/et_pb_row][\/et_pb_section][et_pb_section fb_built=\u00a0\u00bb1&Prime; admin_label=\u00a0\u00bbFooter\u00a0\u00bb _builder_version=\u00a0\u00bb4.27.4&Prime; _module_preset=\u00a0\u00bbdefault\u00a0\u00bb background_color=\u00a0\u00bbgcid-556b209f-6a9f-4b68-83bd-4b7a79f93ac2&Prime; background_image=\u00a0\u00bbhttps:\/\/www.bio-des-alberes.fr\/wp-content\/uploads\/2024\/12\/11200011-scaled.jpg\u00a0\u00bb background_size=\u00a0\u00bbinitial\u00a0\u00bb background_position=\u00a0\u00bbbottom_center\u00a0\u00bb background_vertical_offset=\u00a0\u00bb-40px\u00a0\u00bb custom_padding=\u00a0\u00bb150px||68px||false|false\u00a0\u00bb top_divider_style=\u00a0\u00bbcurve\u00a0\u00bb top_divider_color=\u00a0\u00bb#f5efed\u00a0\u00bb global_module=\u00a0\u00bb773&Prime; saved_tabs=\u00a0\u00bball\u00a0\u00bb collapsed=\u00a0\u00bbon\u00a0\u00bb global_colors_info=\u00a0\u00bb{%22gcid-556b209f-6a9f-4b68-83bd-4b7a79f93ac2%22:%91%22background_color%22%93}\u00a0\u00bb][et_pb_row custom_padding_last_edited=\u00a0\u00bbon|tablet\u00a0\u00bb _builder_version=\u00a0\u00bb4.22.0&Prime; _module_preset=\u00a0\u00bbdefault\u00a0\u00bb background_color=\u00a0\u00bb#FFFFFF\u00a0\u00bb custom_margin=\u00a0\u00bb||30px||false|false\u00a0\u00bb custom_padding=\u00a0\u00bb60px|60px|60px|60px|true|true\u00a0\u00bb custom_padding_tablet=\u00a0\u00bb30px|30px|30px|30px|true|true\u00a0\u00bb custom_padding_phone=\u00a0\u00bb20px|20px|20px|20px|true|true\u00a0\u00bb global_colors_info=\u00a0\u00bb{}\u00a0\u00bb][et_pb_column type=\u00a0\u00bb4_4&Prime; _builder_version=\u00a0\u00bb4.22.0&Prime; _module_preset=\u00a0\u00bbdefault\u00a0\u00bb global_colors_info=\u00a0\u00bb{}\u00a0\u00bb][et_pb_text _builder_version=\u00a0\u00bb4.27.4&Prime; _module_preset=\u00a0\u00bbb3bd998b-6c9c-4048-9827-a723b5605f62&Prime; header_2_font=\u00a0\u00bbAcme|700|||||||\u00a0\u00bb text_orientation=\u00a0\u00bbcenter\u00a0\u00bb custom_margin=\u00a0\u00bb||10px||false|false\u00a0\u00bb global_colors_info=\u00a0\u00bb{}\u00a0\u00bb]<\/p>\n<h2>Bio des Alb\u00e8res<\/h2>\n<p>[\/et_pb_text][et_pb_text _builder_version=\u00a0\u00bb4.27.4&Prime; _module_preset=\u00a0\u00bbc39b8675-0560-4b6e-8727-2b884aafb386&Prime; text_orientation=\u00a0\u00bbcenter\u00a0\u00bb custom_margin=\u00a0\u00bb||10px||false|false\u00a0\u00bb global_colors_info=\u00a0\u00bb{}\u00a0\u00bb]<\/p>\n<div class=\"x9f619 x1ja2u2z x2lah0s x1n2onr6 x1qughib xozqiw3 x1q0g3np x6s0dn4 x78zum5 xdj266r x11i5rnm xat24cr x1mh8g0r xexx8yu x4uap5 x18d9i69 xkhd6sd\">\n<div class=\"x9f619 x1n2onr6 x1ja2u2z x78zum5 xdt5ytf x2lah0s x193iq5w xeuugli xwib8y2 x1y1aw1k\" style=\"text-align: center;\">Lundi FERM\u00c9<br \/>Mardi 09:15-13:00 | 15:30-19:00<br \/>Mercredi 09:15-13:00 | 15:30-19:00<br \/>Jeudi 09:15-13:00 | 15:30-19:00<br \/>Vendredi 09:15-13:00 | 15:30-19:00<br \/>Samedi 09:15-13:00 | 15:30-19:00<br \/>Dimanche\u00a0FERM\u00c9<\/div>\n<\/div>\n<p>[\/et_pb_text][et_pb_text _builder_version=\u00a0\u00bb4.27.4&Prime; _module_preset=\u00a0\u00bbc39b8675-0560-4b6e-8727-2b884aafb386&Prime; text_orientation=\u00a0\u00bbcenter\u00a0\u00bb link_option_url=\u00a0\u00bbhttps:\/\/www.google.com\/maps\/place\/Potagers+bio\/@42.5480268,2.9420174,17z\/data=!3m1!4b1!4m6!3m5!1s0x12b0782bf48ddb71:0x52544bac0993653b!8m2!3d42.5480268!4d2.9420174!16s%2Fg%2F1tcx3l07?entry=ttu&#038;g_ep=EgoyMDI0MTIwNC4wIKXMDSoASAFQAw%3D%3D\u00a0\u00bb global_colors_info=\u00a0\u00bb{}\u00a0\u00bb]<\/p>\n<p><a href=\"https:\/\/www.google.com\/maps\/place\/Potagers+bio\/@42.5480268,2.9420174,17z\/data=!3m1!4b1!4m6!3m5!1s0x12b0782bf48ddb71:0x52544bac0993653b!8m2!3d42.5480268!4d2.9420174!16s%2Fg%2F1tcx3l07?entry=ttu&amp;g_ep=EgoyMDI0MTIwNC4wIKXMDSoASAFQAw%3D%3D\">D\u00e9partementale 618, Zone artisanale, 66740 Laroque-des-Alb\u00e8res<\/a><\/p>\n<p>[\/et_pb_text][et_pb_text _builder_version=\u00a0\u00bb4.27.4&Prime; _module_preset=\u00a0\u00bbdefault\u00a0\u00bb text_orientation=\u00a0\u00bbcenter\u00a0\u00bb global_colors_info=\u00a0\u00bb{}\u00a0\u00bb]<iframe src=\"https:\/\/www.google.com\/maps\/embed?pb=!1m18!1m12!1m3!1d2939.34216974164!2d2.9420173999999992!3d42.54802679999999!2m3!1f0!2f0!3f0!3m2!1i1024!2i768!4f13.1!3m3!1m2!1s0x12b0782bf48ddb71%3A0x52544bac0993653b!2sPotagers%20bio!5e0!3m2!1sfr!2sfr!4v1733754792510!5m2!1sfr!2sfr\" width=\"900\" height=\"450\" style=\"border: 0;\" allowfullscreen=\"\" loading=\"lazy\" referrerpolicy=\"no-referrer-when-downgrade\"><\/iframe>[\/et_pb_text][et_pb_button button_url=\u00a0\u00bbhttps:\/\/www.google.com\/maps\/dir\/\/Potagers+bio+D%C3%A9partementale+618+Zone+artisanale+66740+Laroque-des-Alb%C3%A8res\/@42.5480268,2.9420174,16z\/data=!4m5!4m4!1m0!1m2!1m1!1s0x12b0782bf48ddb71:0x52544bac0993653b\u00a0\u00bb button_text=\u00a0\u00bbitineraire facile\u00a0\u00bb button_alignment=\u00a0\u00bbcenter\u00a0\u00bb _builder_version=\u00a0\u00bb4.27.4&Prime; _module_preset=\u00a0\u00bbd46dc6aa-c646-4c33-b058-7d74e7c55f86&Prime; global_colors_info=\u00a0\u00bb{}\u00a0\u00bb][\/et_pb_button][\/et_pb_column][\/et_pb_row][et_pb_row column_structure=\u00a0\u00bb1_2,1_4,1_4&Prime; _builder_version=\u00a0\u00bb4.27.4&Prime; _module_preset=\u00a0\u00bbdefault\u00a0\u00bb background_color=\u00a0\u00bb#5da31b\u00a0\u00bb custom_margin=\u00a0\u00bb0px||||false|false\u00a0\u00bb custom_padding=\u00a0\u00bb17px|32px|17px|32px|true|true\u00a0\u00bb global_colors_info=\u00a0\u00bb{}\u00a0\u00bb][et_pb_column type=\u00a0\u00bb1_2&Prime; _builder_version=\u00a0\u00bb4.22.0&Prime; _module_preset=\u00a0\u00bbdefault\u00a0\u00bb global_colors_info=\u00a0\u00bb{}\u00a0\u00bb][et_pb_text _builder_version=\u00a0\u00bb4.27.4&Prime; _module_preset=\u00a0\u00bbc39b8675-0560-4b6e-8727-2b884aafb386&Prime; text_text_color=\u00a0\u00bb#FFFFFF\u00a0\u00bb global_colors_info=\u00a0\u00bb{}\u00a0\u00bb]<\/p>\n<p><strong>Le Bio des Alb\u00e8res<\/strong><\/p>\n<p>Bio des Alb\u00e8res est plus qu&rsquo;un simple magasin bio. Nous sommes une entreprise locale d\u00e9di\u00e9e \u00e0 la promotion d&rsquo;une alimentation saine et durable tout en soutenant les producteurs de notre r\u00e9gion. Notre mission est de fournir des produits de haute qualit\u00e9 tout en favorisant une \u00e9conomie locale forte et solidaire<\/p>\n<p>[\/et_pb_text][et_pb_social_media_follow _builder_version=\u00a0\u00bb4.22.0&Prime; _module_preset=\u00a0\u00bbdefault\u00a0\u00bb global_colors_info=\u00a0\u00bb{}\u00a0\u00bb][et_pb_social_media_follow_network social_network=\u00a0\u00bbfacebook\u00a0\u00bb _builder_version=\u00a0\u00bb4.22.0&Prime; _module_preset=\u00a0\u00bbdefault\u00a0\u00bb global_colors_info=\u00a0\u00bb{}\u00a0\u00bb follow_button=\u00a0\u00bboff\u00a0\u00bb url_new_window=\u00a0\u00bbon\u00a0\u00bb]facebook[\/et_pb_social_media_follow_network][et_pb_social_media_follow_network social_network=\u00a0\u00bbtwitter\u00a0\u00bb _builder_version=\u00a0\u00bb4.22.0&Prime; _module_preset=\u00a0\u00bbdefault\u00a0\u00bb global_colors_info=\u00a0\u00bb{}\u00a0\u00bb follow_button=\u00a0\u00bboff\u00a0\u00bb url_new_window=\u00a0\u00bbon\u00a0\u00bb]twitter[\/et_pb_social_media_follow_network][et_pb_social_media_follow_network social_network=\u00a0\u00bbinstagram\u00a0\u00bb _builder_version=\u00a0\u00bb4.22.0&Prime; _module_preset=\u00a0\u00bbdefault\u00a0\u00bb global_colors_info=\u00a0\u00bb{}\u00a0\u00bb follow_button=\u00a0\u00bboff\u00a0\u00bb url_new_window=\u00a0\u00bbon\u00a0\u00bb]instagram[\/et_pb_social_media_follow_network][\/et_pb_social_media_follow][\/et_pb_column][et_pb_column type=\u00a0\u00bb1_4&Prime; _builder_version=\u00a0\u00bb4.22.0&Prime; _module_preset=\u00a0\u00bbdefault\u00a0\u00bb global_colors_info=\u00a0\u00bb{}\u00a0\u00bb][et_pb_text _builder_version=\u00a0\u00bb4.27.4&Prime; _module_preset=\u00a0\u00bbe3c65a3d-a8c7-452d-9556-60c12a7ddde3&Prime; header_4_text_color=\u00a0\u00bb#FFFFFF\u00a0\u00bb custom_margin=\u00a0\u00bb||10px||false|false\u00a0\u00bb global_colors_info=\u00a0\u00bb{}\u00a0\u00bb]<\/p>\n<h4>Contact Info<\/h4>\n<p>[\/et_pb_text][et_pb_text _builder_version=\u00a0\u00bb4.27.4&Prime; _module_preset=\u00a0\u00bbc39b8675-0560-4b6e-8727-2b884aafb386&Prime; text_text_color=\u00a0\u00bb#FFFFFF\u00a0\u00bb link_text_color=\u00a0\u00bb#FFFFFF\u00a0\u00bb custom_margin=\u00a0\u00bb||10px||false|false\u00a0\u00bb global_colors_info=\u00a0\u00bb{}\u00a0\u00bb]<\/p>\n<p><a href=\"tel:0622298854\">06 22 29 88 54<\/a><\/p>\n<p>[\/et_pb_text][et_pb_text _builder_version=\u00a0\u00bb4.27.4&Prime; _module_preset=\u00a0\u00bbc39b8675-0560-4b6e-8727-2b884aafb386&Prime; text_text_color=\u00a0\u00bb#FFFFFF\u00a0\u00bb link_text_color=\u00a0\u00bb#FFFFFF\u00a0\u00bb custom_margin=\u00a0\u00bb||10px||false|false\u00a0\u00bb link_option_url=\u00a0\u00bbhttps:\/\/www.google.com\/maps\/place\/Potagers+bio\/@42.5480268,2.9420174,17z\/data=!3m1!4b1!4m6!3m5!1s0x12b0782bf48ddb71:0x52544bac0993653b!8m2!3d42.5480268!4d2.9420174!16s%2Fg%2F1tcx3l07?entry=ttu&#038;g_ep=EgoyMDI0MTIwNC4wIKXMDSoASAFQAw%3D%3D\u00a0\u00bb global_colors_info=\u00a0\u00bb{}\u00a0\u00bb]<\/p>\n<p><span style=\"color: #3366ff;\"><a href=\"mailto:google.com\/maps\/place\/Potagers+bio\/@42.5480268,2.9420174,17z\/data=!3m1!4b1!4m6!3m5!1s0x12b0782bf48ddb71:0x52544bac0993653b!8m2!3d42.5480268!4d2.9420174!16s%2Fg%2F1tcx3l07?entry=ttu&amp;g_ep=EgoyMDI0MTIwMi4wIKXMDSoASAFQAw%3D%3D\" data-url=\"\/maps\/place\/\/data=!4m2!3m1!1s0x12b0782bf48ddb71:0x52544bac0993653b?sa=X&amp;ved=2ahUKEwjW0aCOvJCKAxU2BfsDHVxdCfUQ4kB6BAgIEAA\" ping=\"\/url?sa=t&amp;source=web&amp;rct=j&amp;opi=89978449&amp;url=\/maps\/place\/\/data%3D!4m2!3m1!1s0x12b0782bf48ddb71:0x52544bac0993653b%3Fsa%3DX%26ved%3D1t:8290%26ictx%3D111&amp;ved=2ahUKEwjW0aCOvJCKAxU2BfsDHVxdCfUQ4kB6BAg0EAM\" style=\"color: #3366ff;\" tabindex=\"0\">D\u00e9partementale 618, Zone artisanale, 66740 Laroque-des-Alb\u00e8res<\/a><\/span><\/p>\n<p>[\/et_pb_text][\/et_pb_column][et_pb_column type=\u00a0\u00bb1_4&Prime; _builder_version=\u00a0\u00bb4.22.0&Prime; _module_preset=\u00a0\u00bbdefault\u00a0\u00bb global_colors_info=\u00a0\u00bb{}\u00a0\u00bb][et_pb_text _builder_version=\u00a0\u00bb4.22.0&Prime; _module_preset=\u00a0\u00bbe3c65a3d-a8c7-452d-9556-60c12a7ddde3&Prime; header_4_text_color=\u00a0\u00bb#FFFFFF\u00a0\u00bb custom_margin=\u00a0\u00bb||10px||false|false\u00a0\u00bb locked=\u00a0\u00bboff\u00a0\u00bb global_colors_info=\u00a0\u00bb{}\u00a0\u00bb]<\/p>\n<h4>Produits<\/h4>\n<p>[\/et_pb_text][et_pb_text _builder_version=\u00a0\u00bb4.22.0&Prime; _module_preset=\u00a0\u00bbc39b8675-0560-4b6e-8727-2b884aafb386&Prime; text_text_color=\u00a0\u00bb#FFFFFF\u00a0\u00bb link_text_color=\u00a0\u00bb#FFFFFF\u00a0\u00bb custom_margin=\u00a0\u00bb||10px||false|false\u00a0\u00bb locked=\u00a0\u00bboff\u00a0\u00bb global_colors_info=\u00a0\u00bb{}\u00a0\u00bb]<\/p>\n<p>Fruits et L\u00e9gumes<\/p>\n<p>[\/et_pb_text][et_pb_text _builder_version=\u00a0\u00bb4.27.4&Prime; _module_preset=\u00a0\u00bbc39b8675-0560-4b6e-8727-2b884aafb386&Prime; text_text_color=\u00a0\u00bb#FFFFFF\u00a0\u00bb link_text_color=\u00a0\u00bb#FFFFFF\u00a0\u00bb custom_margin=\u00a0\u00bb||10px||false|false\u00a0\u00bb locked=\u00a0\u00bboff\u00a0\u00bb global_colors_info=\u00a0\u00bb{}\u00a0\u00bb]<\/p>\n<p>Produits de Viande Locale<\/p>\n<p>[\/et_pb_text][et_pb_text _builder_version=\u00a0\u00bb4.27.4&Prime; _module_preset=\u00a0\u00bbc39b8675-0560-4b6e-8727-2b884aafb386&Prime; text_text_color=\u00a0\u00bb#FFFFFF\u00a0\u00bb link_text_color=\u00a0\u00bb#FFFFFF\u00a0\u00bb custom_margin=\u00a0\u00bb||10px||false|false\u00a0\u00bb locked=\u00a0\u00bboff\u00a0\u00bb global_colors_info=\u00a0\u00bb{}\u00a0\u00bb]<\/p>\n<p>Produits Secs Locaux<\/p>\n<p>[\/et_pb_text][et_pb_text _builder_version=\u00a0\u00bb4.27.4&Prime; _module_preset=\u00a0\u00bbc39b8675-0560-4b6e-8727-2b884aafb386&Prime; text_text_color=\u00a0\u00bb#FFFFFF\u00a0\u00bb link_text_color=\u00a0\u00bb#FFFFFF\u00a0\u00bb custom_margin=\u00a0\u00bb||10px||false|false\u00a0\u00bb locked=\u00a0\u00bboff\u00a0\u00bb global_colors_info=\u00a0\u00bb{}\u00a0\u00bb]<\/p>\n<p>\u00c9picerie Fine<\/p>\n<p>[\/et_pb_text][\/et_pb_column][\/et_pb_row][\/et_pb_section]<\/p>\n","protected":false},"excerpt":{"rendered":"<p>\n\t\t\t\t<p class=\"rs-p-wp-fix\"><\/p>\n\t\t\t\t<sr7-module data-alias=\"slider-1-12\" data-id=\"5\" id=\"SR7_5_2\" class=\"rs-ov-hidden\" data-version=\"6.7.23\">\n\t\t\t\t\t<sr7-adjuster><\/sr7-adjuster>\n\t\t\t\t\t<sr7-content>\n\t\t\t\t\t\t<sr7-slide id=\"SR7_5_2-9\" data-key=\"9\">\n\t\t\t\t\t\t\t<sr7-txt id=\"SR7_5_2-9-0\" class=\"sr7-layer\">\n\nLe BIO<\/sr7-txt>\n\t\t\t\t\t\t\t<a id=\"SR7_5_2-9-1\" class=\"sr7-layer\" href=\"https:\/\/www.bio-des-alberes.fr\" target=\"_self\">NOS PRODUITS<\/a>\n\t\t\t\t\t\t\t<a id=\"SR7_5_2-9-2\" class=\"sr7-layer\" href=\"https:\/\/www.bio-des-alberes.fr\/contact\/\" target=\"_self\">CONTACT<\/a>\n\t\t\t\t\t\t\t<sr7-txt id=\"SR7_5_2-9-3\" class=\"sr7-layer\">des Alb\u00e8res<\/sr7-txt>\n\t\t\t\t\t\t\t<sr7-txt id=\"SR7_5_2-9-6\" class=\"sr7-layer\">Des produits bio, pr\u00e8s de chez vous<\/sr7-txt>\n\t\t\t\t\t\t<\/sr7-slide>\n\t\t\t\t\t\t<sr7-slide id=\"SR7_5_2-10\" data-key=\"10\">\n\t\t\t\t\t\t<\/sr7-slide>\n\t\t\t\t\t<\/sr7-content>\n\t\t\t\t<\/sr7-module>\n\t\t\t\t<script>\n\t\t\t\t\tSR7.PMH ??={}; SR7.PMH[\"SR7_5_2\"] = {cn:100,state:false,fn: function() { if (_tpt!==undefined && _tpt.prepareModuleHeight !== undefined) {  _tpt.prepareModuleHeight({id:\"SR7_5_2\",el:[900,900,768,960,720],type:'standard',shdw:'0',gh:[900,900,743,565,349],gw:[1240,1240,1024,778,480],vpt:['-100px'],size:{fullWidth:true, fullHeight:false},mh:'0',onh:0,onw:0,bg:{color:'{\"orig\":\"transparent\",\"type\":\"solid\",\"string\":\"transparent\"}'}});   SR7.PMH[\"SR7_5_2\"].state=true;} else if(SR7.PMH[\"SR7_5_2\"].cn-->0)\tsetTimeout( SR7.PMH[\"SR7_5_2\"].fn,19);}};SR7.PMH[\"SR7_5_2\" ].fn();\n\t\t\t\t<\/script>\nNos Fruits et L\u00e9gumesVotre primeur local au c\u0153ur des Alb\u00e8resId\u00e9alement situ\u00e9 au pied des Alb\u00e8res, Bio des Alb\u00e8res vous propose une s\u00e9lection vari\u00e9e de fruits et l\u00e9gumes frais, issus d\u2019une agriculture locale et respectueuse de l\u2019environnement. Nous travaillons en partenariat avec des producteurs passionn\u00e9s pour garantir des produits de qualit\u00e9, cultiv\u00e9s avec soin, qui [&hellip;]<\/p>\n","protected":false},"author":1,"featured_media":0,"parent":0,"menu_order":0,"comment_status":"closed","ping_status":"closed","template":"","meta":{"_et_pb_use_builder":"on","_et_pb_old_content":"","_et_gb_content_width":"","footnotes":""},"class_list":["post-791","page","type-page","status-publish","hentry"],"yoast_head":"<!-- This site is optimized with the Yoast SEO plugin v26.2 - https:\/\/yoast.com\/wordpress\/plugins\/seo\/ -->\n<title>Nos Fruits et L\u00e9gumes - Bio des Alb\u00e8res<\/title>\n<meta name=\"robots\" content=\"index, follow, max-snippet:-1, max-image-preview:large, max-video-preview:-1\" \/>\n<link rel=\"canonical\" href=\"https:\/\/www.bio-des-alberes.fr\/en\/nos-fruits-et-legumes\/\" \/>\n<meta property=\"og:locale\" content=\"en_US\" \/>\n<meta property=\"og:type\" content=\"article\" \/>\n<meta property=\"og:title\" content=\"Nos Fruits et L\u00e9gumes - Bio des Alb\u00e8res\" \/>\n<meta property=\"og:description\" content=\"Nos Fruits et L\u00e9gumesVotre primeur local au c\u0153ur des Alb\u00e8resId\u00e9alement situ\u00e9 au pied des Alb\u00e8res, Bio des Alb\u00e8res vous propose une s\u00e9lection vari\u00e9e de fruits et l\u00e9gumes frais, issus d\u2019une agriculture locale et respectueuse de l\u2019environnement. Nous travaillons en partenariat avec des producteurs passionn\u00e9s pour garantir des produits de qualit\u00e9, cultiv\u00e9s avec soin, qui [&hellip;]\" \/>\n<meta property=\"og:url\" content=\"https:\/\/www.bio-des-alberes.fr\/en\/nos-fruits-et-legumes\/\" \/>\n<meta property=\"og:site_name\" content=\"Bio des Alb\u00e8res\" \/>\n<meta property=\"article:publisher\" content=\"https:\/\/www.facebook.com\/p\/Le-bio-des-Albres-61568067446958\/\" \/>\n<meta property=\"article:modified_time\" content=\"2025-10-24T02:40:36+00:00\" \/>\n<meta name=\"twitter:card\" content=\"summary_large_image\" \/>\n<meta name=\"twitter:label1\" content=\"Est. reading time\" \/>\n\t<meta name=\"twitter:data1\" content=\"3 minutes\" \/>\n<script type=\"application\/ld+json\" class=\"yoast-schema-graph\">{\"@context\":\"https:\/\/schema.org\",\"@graph\":[{\"@type\":\"WebPage\",\"@id\":\"https:\/\/www.bio-des-alberes.fr\/nos-fruits-et-legumes\/\",\"url\":\"https:\/\/www.bio-des-alberes.fr\/nos-fruits-et-legumes\/\",\"name\":\"Nos Fruits et L\u00e9gumes - Bio des Alb\u00e8res\",\"isPartOf\":{\"@id\":\"https:\/\/www.bio-des-alberes.fr\/#website\"},\"datePublished\":\"2024-12-09T18:32:23+00:00\",\"dateModified\":\"2025-10-24T02:40:36+00:00\",\"breadcrumb\":{\"@id\":\"https:\/\/www.bio-des-alberes.fr\/nos-fruits-et-legumes\/#breadcrumb\"},\"inLanguage\":\"en-US\",\"potentialAction\":[{\"@type\":\"ReadAction\",\"target\":[\"https:\/\/www.bio-des-alberes.fr\/nos-fruits-et-legumes\/\"]}]},{\"@type\":\"BreadcrumbList\",\"@id\":\"https:\/\/www.bio-des-alberes.fr\/nos-fruits-et-legumes\/#breadcrumb\",\"itemListElement\":[{\"@type\":\"ListItem\",\"position\":1,\"name\":\"Accueil\",\"item\":\"https:\/\/www.bio-des-alberes.fr\/\"},{\"@type\":\"ListItem\",\"position\":2,\"name\":\"Nos Fruits et L\u00e9gumes\"}]},{\"@type\":\"WebSite\",\"@id\":\"https:\/\/www.bio-des-alberes.fr\/#website\",\"url\":\"https:\/\/www.bio-des-alberes.fr\/\",\"name\":\"Bio 66 - Magasin bio des Alberes\",\"description\":\"Fruits et l&eacute;gumes bio, produits locaux, &eacute;picerie fine\",\"publisher\":{\"@id\":\"https:\/\/www.bio-des-alberes.fr\/#organization\"},\"potentialAction\":[{\"@type\":\"SearchAction\",\"target\":{\"@type\":\"EntryPoint\",\"urlTemplate\":\"https:\/\/www.bio-des-alberes.fr\/?s={search_term_string}\"},\"query-input\":{\"@type\":\"PropertyValueSpecification\",\"valueRequired\":true,\"valueName\":\"search_term_string\"}}],\"inLanguage\":\"en-US\"},{\"@type\":\"Organization\",\"@id\":\"https:\/\/www.bio-des-alberes.fr\/#organization\",\"name\":\"Bio des Alb\u00e8res\",\"url\":\"https:\/\/www.bio-des-alberes.fr\/\",\"logo\":{\"@type\":\"ImageObject\",\"inLanguage\":\"en-US\",\"@id\":\"https:\/\/www.bio-des-alberes.fr\/#\/schema\/logo\/image\/\",\"url\":\"https:\/\/www.bio-des-alberes.fr\/wp-content\/uploads\/2024\/12\/bio-des-alberes-logo2.png\",\"contentUrl\":\"https:\/\/www.bio-des-alberes.fr\/wp-content\/uploads\/2024\/12\/bio-des-alberes-logo2.png\",\"width\":803,\"height\":466,\"caption\":\"Bio des Alb\u00e8res\"},\"image\":{\"@id\":\"https:\/\/www.bio-des-alberes.fr\/#\/schema\/logo\/image\/\"},\"sameAs\":[\"https:\/\/www.facebook.com\/p\/Le-bio-des-Albres-61568067446958\/\"]}]}<\/script>\n<!-- \/ Yoast SEO plugin. -->","yoast_head_json":{"title":"Nos Fruits et L\u00e9gumes - Bio des Alb\u00e8res","robots":{"index":"index","follow":"follow","max-snippet":"max-snippet:-1","max-image-preview":"max-image-preview:large","max-video-preview":"max-video-preview:-1"},"canonical":"https:\/\/www.bio-des-alberes.fr\/en\/nos-fruits-et-legumes\/","og_locale":"en_US","og_type":"article","og_title":"Nos Fruits et L\u00e9gumes - Bio des Alb\u00e8res","og_description":"Nos Fruits et L\u00e9gumesVotre primeur local au c\u0153ur des Alb\u00e8resId\u00e9alement situ\u00e9 au pied des Alb\u00e8res, Bio des Alb\u00e8res vous propose une s\u00e9lection vari\u00e9e de fruits et l\u00e9gumes frais, issus d\u2019une agriculture locale et respectueuse de l\u2019environnement. Nous travaillons en partenariat avec des producteurs passionn\u00e9s pour garantir des produits de qualit\u00e9, cultiv\u00e9s avec soin, qui [&hellip;]","og_url":"https:\/\/www.bio-des-alberes.fr\/en\/nos-fruits-et-legumes\/","og_site_name":"Bio des Alb\u00e8res","article_publisher":"https:\/\/www.facebook.com\/p\/Le-bio-des-Albres-61568067446958\/","article_modified_time":"2025-10-24T02:40:36+00:00","twitter_card":"summary_large_image","twitter_misc":{"Est. reading time":"3 minutes"},"schema":{"@context":"https:\/\/schema.org","@graph":[{"@type":"WebPage","@id":"https:\/\/www.bio-des-alberes.fr\/nos-fruits-et-legumes\/","url":"https:\/\/www.bio-des-alberes.fr\/nos-fruits-et-legumes\/","name":"Nos Fruits et L\u00e9gumes - Bio des Alb\u00e8res","isPartOf":{"@id":"https:\/\/www.bio-des-alberes.fr\/#website"},"datePublished":"2024-12-09T18:32:23+00:00","dateModified":"2025-10-24T02:40:36+00:00","breadcrumb":{"@id":"https:\/\/www.bio-des-alberes.fr\/nos-fruits-et-legumes\/#breadcrumb"},"inLanguage":"en-US","potentialAction":[{"@type":"ReadAction","target":["https:\/\/www.bio-des-alberes.fr\/nos-fruits-et-legumes\/"]}]},{"@type":"BreadcrumbList","@id":"https:\/\/www.bio-des-alberes.fr\/nos-fruits-et-legumes\/#breadcrumb","itemListElement":[{"@type":"ListItem","position":1,"name":"Accueil","item":"https:\/\/www.bio-des-alberes.fr\/"},{"@type":"ListItem","position":2,"name":"Nos Fruits et L\u00e9gumes"}]},{"@type":"WebSite","@id":"https:\/\/www.bio-des-alberes.fr\/#website","url":"https:\/\/www.bio-des-alberes.fr\/","name":"Bio 66 - Magasin bio des Alberes","description":"Fruits et l&eacute;gumes bio, produits locaux, &eacute;picerie fine","publisher":{"@id":"https:\/\/www.bio-des-alberes.fr\/#organization"},"potentialAction":[{"@type":"SearchAction","target":{"@type":"EntryPoint","urlTemplate":"https:\/\/www.bio-des-alberes.fr\/?s={search_term_string}"},"query-input":{"@type":"PropertyValueSpecification","valueRequired":true,"valueName":"search_term_string"}}],"inLanguage":"en-US"},{"@type":"Organization","@id":"https:\/\/www.bio-des-alberes.fr\/#organization","name":"Bio des Alb\u00e8res","url":"https:\/\/www.bio-des-alberes.fr\/","logo":{"@type":"ImageObject","inLanguage":"en-US","@id":"https:\/\/www.bio-des-alberes.fr\/#\/schema\/logo\/image\/","url":"https:\/\/www.bio-des-alberes.fr\/wp-content\/uploads\/2024\/12\/bio-des-alberes-logo2.png","contentUrl":"https:\/\/www.bio-des-alberes.fr\/wp-content\/uploads\/2024\/12\/bio-des-alberes-logo2.png","width":803,"height":466,"caption":"Bio des Alb\u00e8res"},"image":{"@id":"https:\/\/www.bio-des-alberes.fr\/#\/schema\/logo\/image\/"},"sameAs":["https:\/\/www.facebook.com\/p\/Le-bio-des-Albres-61568067446958\/"]}]}},"_links":{"self":[{"href":"https:\/\/www.bio-des-alberes.fr\/en\/wp-json\/wp\/v2\/pages\/791","targetHints":{"allow":["GET"]}}],"collection":[{"href":"https:\/\/www.bio-des-alberes.fr\/en\/wp-json\/wp\/v2\/pages"}],"about":[{"href":"https:\/\/www.bio-des-alberes.fr\/en\/wp-json\/wp\/v2\/types\/page"}],"author":[{"embeddable":true,"href":"https:\/\/www.bio-des-alberes.fr\/en\/wp-json\/wp\/v2\/users\/1"}],"replies":[{"embeddable":true,"href":"https:\/\/www.bio-des-alberes.fr\/en\/wp-json\/wp\/v2\/comments?post=791"}],"version-history":[{"count":3,"href":"https:\/\/www.bio-des-alberes.fr\/en\/wp-json\/wp\/v2\/pages\/791\/revisions"}],"predecessor-version":[{"id":10220,"href":"https:\/\/www.bio-des-alberes.fr\/en\/wp-json\/wp\/v2\/pages\/791\/revisions\/10220"}],"wp:attachment":[{"href":"https:\/\/www.bio-des-alberes.fr\/en\/wp-json\/wp\/v2\/media?parent=791"}],"curies":[{"name":"wp","href":"https:\/\/api.w.org\/{rel}","templated":true}]}}