{"id":757,"date":"2024-12-09T15:25:43","date_gmt":"2024-12-09T15:25:43","guid":{"rendered":"https:\/\/www.bio-des-alberes.fr\/?page_id=757"},"modified":"2025-10-24T04:09:33","modified_gmt":"2025-10-24T04:09:33","slug":"nos-fromages","status":"publish","type":"page","link":"https:\/\/www.bio-des-alberes.fr\/es\/nos-fromages\/","title":{"rendered":"Nuestros quesos"},"content":{"rendered":"<p>[et_pb_section fb_built=\u00a0\u00bb1&Prime; admin_label=\u00a0\u00bbFeatures\u00a0\u00bb _builder_version=\u00a0\u00bb4.27.4&Prime; _module_preset=\u00a0\u00bbdefault\u00a0\u00bb background_color=\u00a0\u00bbgcid-86e0e939-2c75-4117-936f-1ddaf39f4182&Prime; custom_padding=\u00a0\u00bb0px||0px||false|false\u00a0\u00bb collapsed=\u00a0\u00bbon\u00a0\u00bb global_colors_info=\u00a0\u00bb{%22gcid-86e0e939-2c75-4117-936f-1ddaf39f4182%22:%91%22background_color%22%93}\u00a0\u00bb][et_pb_row _builder_version=\u00a0\u00bb4.27.4&Prime; _module_preset=\u00a0\u00bbdefault\u00a0\u00bb width=\u00a0\u00bb100%\u00a0\u00bb max_width=\u00a0\u00bb2560px\u00a0\u00bb custom_padding=\u00a0\u00bb0px||||false|false\u00a0\u00bb border_color_bottom=\u00a0\u00bb#7CDA24&Prime; global_colors_info=\u00a0\u00bb{}\u00a0\u00bb][et_pb_column type=\u00a0\u00bb4_4&Prime; _builder_version=\u00a0\u00bb4.27.4&Prime; _module_preset=\u00a0\u00bbdefault\u00a0\u00bb border_width_bottom=\u00a0\u00bb15px\u00a0\u00bb border_color_bottom=\u00a0\u00bb#7CDA24&Prime; global_colors_info=\u00a0\u00bb{}\u00a0\u00bb][et_pb_text _builder_version=\u00a0\u00bb4.27.4&Prime; _module_preset=\u00a0\u00bbdefault\u00a0\u00bb custom_margin=\u00a0\u00bb-4px|||||\u00a0\u00bb custom_padding=\u00a0\u00bb12px|||||\u00a0\u00bb global_colors_info=\u00a0\u00bb{}\u00a0\u00bb]<\/p>\n\n\t\t\t\t<p class=\"rs-p-wp-fix\"><\/p>\n\t\t\t\t<sr7-module data-alias=\"slider-1-1\" data-id=\"2\" id=\"SR7_2_1\" class=\"rs-ov-hidden\" data-version=\"6.7.23\">\n\t\t\t\t\t<sr7-adjuster><\/sr7-adjuster>\n\t\t\t\t\t<sr7-content>\n\t\t\t\t\t\t<sr7-slide id=\"SR7_2_1-3\" data-key=\"3\">\n\t\t\t\t\t\t\t<sr7-txt id=\"SR7_2_1-3-0\" class=\"sr7-layer\">\n\nLe BIO<\/sr7-txt>\n\t\t\t\t\t\t\t<a id=\"SR7_2_1-3-1\" class=\"sr7-layer\" href=\"https:\/\/www.bio-des-alberes.fr\/\" target=\"_self\">NOS PRODUITS<\/a>\n\t\t\t\t\t\t\t<a id=\"SR7_2_1-3-2\" class=\"sr7-layer\" href=\"https:\/\/www.bio-des-alberes.fr\/contact\/\" target=\"_self\">CONTACT<\/a>\n\t\t\t\t\t\t\t<sr7-txt id=\"SR7_2_1-3-3\" class=\"sr7-layer\">des Alb\u00e8res<\/sr7-txt>\n\t\t\t\t\t\t\t<sr7-txt id=\"SR7_2_1-3-6\" class=\"sr7-layer\">Nos fromages & charcuteries<\/sr7-txt>\n\t\t\t\t\t\t<\/sr7-slide>\n\t\t\t\t\t\t<sr7-slide id=\"SR7_2_1-4\" data-key=\"4\">\n\t\t\t\t\t\t<\/sr7-slide>\n\t\t\t\t\t<\/sr7-content>\n\t\t\t\t<\/sr7-module>\n\t\t\t\t<script>\n\t\t\t\t\tSR7.PMH ??={}; SR7.PMH[\"SR7_2_1\"] = {cn:100,state:false,fn: function() { if (_tpt!==undefined && _tpt.prepareModuleHeight !== undefined) {  _tpt.prepareModuleHeight({id:\"SR7_2_1\",el:[900,900,768,960,720],type:'standard',shdw:'0',gh:[900,900,743,565,349],gw:[1240,1240,1024,778,480],vpt:['-100px'],size:{fullWidth:true, fullHeight:false},mh:'0',onh:0,onw:0,bg:{color:'{\"orig\":\"transparent\",\"type\":\"solid\",\"string\":\"transparent\"}'}});   SR7.PMH[\"SR7_2_1\"].state=true;} else if(SR7.PMH[\"SR7_2_1\"].cn-->0)\tsetTimeout( SR7.PMH[\"SR7_2_1\"].fn,19);}};SR7.PMH[\"SR7_2_1\" ].fn();\n\t\t\t\t<\/script>\n\n<p>[\/et_pb_text][\/et_pb_column][\/et_pb_row][\/et_pb_section][et_pb_section fb_built=\u00a0\u00bb1&Prime; admin_label=\u00a0\u00bbHeader\u00a0\u00bb _builder_version=\u00a0\u00bb4.22.0&Prime; _module_preset=\u00a0\u00bbdefault\u00a0\u00bb background_color=\u00a0\u00bbgcid-86e0e939-2c75-4117-936f-1ddaf39f4182&Prime; overflow-x=\u00a0\u00bbhidden\u00a0\u00bb overflow-y=\u00a0\u00bbhidden\u00a0\u00bb collapsed=\u00a0\u00bbon\u00a0\u00bb global_colors_info=\u00a0\u00bb{%22gcid-86e0e939-2c75-4117-936f-1ddaf39f4182%22:%91%22background_color%22%93}\u00a0\u00bb][et_pb_row column_structure=\u00a0\u00bb2_5,3_5&Prime; _builder_version=\u00a0\u00bb4.27.4&Prime; _module_preset=\u00a0\u00bbdefault\u00a0\u00bb width=\u00a0\u00bb92%\u00a0\u00bb max_width=\u00a0\u00bb1554px\u00a0\u00bb animation_style=\u00a0\u00bbfade\u00a0\u00bb global_colors_info=\u00a0\u00bb{}\u00a0\u00bb][et_pb_column type=\u00a0\u00bb2_5&Prime; _builder_version=\u00a0\u00bb4.22.0&Prime; _module_preset=\u00a0\u00bbdefault\u00a0\u00bb custom_padding=\u00a0\u00bb60px||||false|false\u00a0\u00bb custom_padding_tablet=\u00a0\u00bb0px||||false|false\u00a0\u00bb custom_padding_phone=\u00a0\u00bb0px||||false|false\u00a0\u00bb custom_padding_last_edited=\u00a0\u00bbon|tablet\u00a0\u00bb global_colors_info=\u00a0\u00bb{}\u00a0\u00bb][et_pb_text _builder_version=\u00a0\u00bb4.27.4&Prime; _module_preset=\u00a0\u00bb00ace42e-0447-4bb2-962d-da54b9565191&Prime; header_4_text_color=\u00a0\u00bbgcid-9e45d964-2d43-42f1-8052-a1700ad1fc8d\u00a0\u00bb global_colors_info=\u00a0\u00bb{%22gcid-9e45d964-2d43-42f1-8052-a1700ad1fc8d%22:%91%22header_4_text_color%22%93}\u00a0\u00bb]<\/p>\n<h4>Nos Fromages<\/h4>\n<p>[\/et_pb_text][et_pb_text _builder_version=\u00a0\u00bb4.27.4&Prime; _module_preset=\u00a0\u00bb499da17a-e647-4d74-97c7-fac71d432df6&Prime; header_font=\u00a0\u00bbAcme|700|||||||\u00a0\u00bb animation_style=\u00a0\u00bbslide\u00a0\u00bb global_colors_info=\u00a0\u00bb{}\u00a0\u00bb]<\/p>\n<h1>Une Escale Gourmande au c\u0153ur des Alb\u00e8res<\/h1>\n<p>[\/et_pb_text][et_pb_text _builder_version=\u00a0\u00bb4.27.4&Prime; _module_preset=\u00a0\u00bb146a38a0-0f80-4c4d-8df9-054c6f9df372&Prime; text_font=\u00a0\u00bbAcme||||||||\u00a0\u00bb text_font_size=\u00a0\u00bb20px\u00a0\u00bb animation_style=\u00a0\u00bbslide\u00a0\u00bb animation_direction=\u00a0\u00bbleft\u00a0\u00bb global_colors_info=\u00a0\u00bb{}\u00a0\u00bb]<\/p>\n<p>Dans le cadre enchanteur des Alb\u00e8res, <strong>Bio des Alb\u00e8res<\/strong> met \u00e0 l\u2019honneur une <strong>s\u00e9lection de fromages<\/strong> et de <strong>charcuteries<\/strong> qui c\u00e9l\u00e8brent les tr\u00e9sors du terroir. Chaque produit, \u00e9labor\u00e9 avec passion par des<strong> artisans locaux<\/strong>, offre des saveurs authentiques et g\u00e9n\u00e9reuses. Un v\u00e9ritable voyage culinaire qui ravira les amateurs de <strong>gastronomie traditionnelle<\/strong>, tout en respectant <strong>les valeurs de notre r\u00e9gion<\/strong>.<\/p>\n<p>[\/et_pb_text][\/et_pb_column][et_pb_column type=\u00a0\u00bb3_5&Prime; _builder_version=\u00a0\u00bb4.22.0&Prime; _module_preset=\u00a0\u00bbdefault\u00a0\u00bb global_colors_info=\u00a0\u00bb{}\u00a0\u00bb][et_pb_image src=\u00a0\u00bbhttps:\/\/www.bio-des-alberes.fr\/wp-content\/uploads\/2025\/10\/01010149-scaled.jpg\u00a0\u00bb title_text=\u00a0\u00bbSAMSUNG CSC\u00a0\u00bb show_bottom_space=\u00a0\u00bboff\u00a0\u00bb _builder_version=\u00a0\u00bb4.27.4&Prime; _module_preset=\u00a0\u00bbdefault\u00a0\u00bb width=\u00a0\u00bb100%\u00a0\u00bb max_width=\u00a0\u00bb100%\u00a0\u00bb min_height=\u00a0\u00bb561px\u00a0\u00bb height=\u00a0\u00bb398px\u00a0\u00bb max_height=\u00a0\u00bb1000px\u00a0\u00bb custom_margin=\u00a0\u00bb92px||10.8%||false|false\u00a0\u00bb animation_style=\u00a0\u00bbslide\u00a0\u00bb animation_direction=\u00a0\u00bbright\u00a0\u00bb animation_duration=\u00a0\u00bb250ms\u00a0\u00bb border_width_bottom=\u00a0\u00bb11px\u00a0\u00bb border_color_bottom=\u00a0\u00bb#7CDA24&Prime; global_colors_info=\u00a0\u00bb{}\u00a0\u00bb][\/et_pb_image][et_pb_image src=\u00a0\u00bbhttps:\/\/www.bio-des-alberes.fr\/wp-content\/uploads\/2024\/12\/Food-coop-1.png\u00a0\u00bb title_text=\u00a0\u00bbFood-coop-1&Prime; show_bottom_space=\u00a0\u00bboff\u00a0\u00bb _builder_version=\u00a0\u00bb4.22.0&Prime; _module_preset=\u00a0\u00bbdefault\u00a0\u00bb transform_translate=\u00a0\u00bb40%|10%\u00a0\u00bb transform_translate_linked=\u00a0\u00bboff\u00a0\u00bb positioning=\u00a0\u00bbabsolute\u00a0\u00bb position_origin_a=\u00a0\u00bbbottom_right\u00a0\u00bb custom_margin=\u00a0\u00bb||||false|false\u00a0\u00bb global_colors_info=\u00a0\u00bb{}\u00a0\u00bb][\/et_pb_image][et_pb_image src=\u00a0\u00bbhttps:\/\/www.bio-des-alberes.fr\/wp-content\/uploads\/2024\/12\/Food-coop-2b.png\u00a0\u00bb title_text=\u00a0\u00bbFood-coop-2b\u00a0\u00bb align=\u00a0\u00bbright\u00a0\u00bb _builder_version=\u00a0\u00bb4.27.4&Prime; _module_preset=\u00a0\u00bbdefault\u00a0\u00bb transform_translate=\u00a0\u00bb50%|-50%\u00a0\u00bb transform_translate_linked=\u00a0\u00bboff\u00a0\u00bb positioning=\u00a0\u00bbabsolute\u00a0\u00bb position_origin_a=\u00a0\u00bbbottom_right\u00a0\u00bb width=\u00a0\u00bb70%\u00a0\u00bb max_width=\u00a0\u00bb42%\u00a0\u00bb global_colors_info=\u00a0\u00bb{}\u00a0\u00bb][\/et_pb_image][\/et_pb_column][\/et_pb_row][\/et_pb_section][et_pb_section fb_built=\u00a0\u00bb1&Prime; admin_label=\u00a0\u00bbCall to Action\u00a0\u00bb _builder_version=\u00a0\u00bb4.22.0&Prime; _module_preset=\u00a0\u00bbdefault\u00a0\u00bb background_color=\u00a0\u00bbgcid-86e0e939-2c75-4117-936f-1ddaf39f4182&Prime; background_image=\u00a0\u00bbhttps:\/\/www.bio-des-alberes.fr\/wp-content\/uploads\/2024\/12\/food-co-op-illustration-09.png\u00a0\u00bb background_size=\u00a0\u00bbinitial\u00a0\u00bb background_position=\u00a0\u00bbbottom_center\u00a0\u00bb custom_padding=\u00a0\u00bb13px||24px|||\u00a0\u00bb saved_tabs=\u00a0\u00bball\u00a0\u00bb collapsed=\u00a0\u00bbon\u00a0\u00bb global_colors_info=\u00a0\u00bb{%22gcid-86e0e939-2c75-4117-936f-1ddaf39f4182%22:%91%22background_color%22%93}\u00a0\u00bb][et_pb_row _builder_version=\u00a0\u00bb4.22.0&Prime; _module_preset=\u00a0\u00bbdefault\u00a0\u00bb global_colors_info=\u00a0\u00bb{}\u00a0\u00bb][et_pb_column type=\u00a0\u00bb4_4&Prime; _builder_version=\u00a0\u00bb4.22.0&Prime; _module_preset=\u00a0\u00bbdefault\u00a0\u00bb global_colors_info=\u00a0\u00bb{}\u00a0\u00bb][et_pb_image src=\u00a0\u00bbhttps:\/\/www.bio-des-alberes.fr\/wp-content\/uploads\/2024\/12\/Bio-des-alberes-fromages-bio-66-bio-des-alberes.jpg\u00a0\u00bb title_text=\u00a0\u00bbBio des alberes fromages bio 66 bio des alberes\u00a0\u00bb _builder_version=\u00a0\u00bb4.27.4&Prime; _module_preset=\u00a0\u00bbdefault\u00a0\u00bb background_enable_video_mp4=\u00a0\u00bboff\u00a0\u00bb width=\u00a0\u00bb100%\u00a0\u00bb max_width=\u00a0\u00bb100%\u00a0\u00bb height=\u00a0\u00bb429px\u00a0\u00bb height_tablet=\u00a0\u00bb429px\u00a0\u00bb height_phone=\u00a0\u00bb193px\u00a0\u00bb height_last_edited=\u00a0\u00bbon|phone\u00a0\u00bb max_height=\u00a0\u00bb1000px\u00a0\u00bb filter_saturate=\u00a0\u00bb109%\u00a0\u00bb filter_brightness=\u00a0\u00bb102%\u00a0\u00bb global_colors_info=\u00a0\u00bb{}\u00a0\u00bb][\/et_pb_image][\/et_pb_column][\/et_pb_row][et_pb_row _builder_version=\u00a0\u00bb4.22.0&Prime; _module_preset=\u00a0\u00bbdefault\u00a0\u00bb global_colors_info=\u00a0\u00bb{}\u00a0\u00bb][et_pb_column type=\u00a0\u00bb4_4&Prime; _builder_version=\u00a0\u00bb4.22.0&Prime; _module_preset=\u00a0\u00bbdefault\u00a0\u00bb global_colors_info=\u00a0\u00bb{}\u00a0\u00bb][et_pb_text _builder_version=\u00a0\u00bb4.27.4&Prime; _module_preset=\u00a0\u00bb3a843f62-f6b4-4495-a00f-dd51c25192bb\u00a0\u00bb header_font=\u00a0\u00bb||||||||\u00a0\u00bb header_2_font=\u00a0\u00bbAcme|700|on||||||\u00a0\u00bb text_orientation=\u00a0\u00bbcenter\u00a0\u00bb global_colors_info=\u00a0\u00bb{}\u00a0\u00bb]<\/p>\n<h2>Nos Fromages &amp; Charcuterie<\/h2>\n<p>[\/et_pb_text][\/et_pb_column][\/et_pb_row][\/et_pb_section][et_pb_section fb_built=\u00a0\u00bb1&Prime; custom_padding_last_edited=\u00a0\u00bbon|phone\u00a0\u00bb admin_label=\u00a0\u00bbProducts\u00a0\u00bb _builder_version=\u00a0\u00bb4.27.4&Prime; _module_preset=\u00a0\u00bbdefault\u00a0\u00bb background_color=\u00a0\u00bbgcid-86e0e939-2c75-4117-936f-1ddaf39f4182&Prime; custom_padding_tablet=\u00a0\u00bb\u00a0\u00bb custom_padding_phone=\u00a0\u00bb|23px||23px|false|true\u00a0\u00bb collapsed=\u00a0\u00bbon\u00a0\u00bb global_colors_info=\u00a0\u00bb{%22gcid-86e0e939-2c75-4117-936f-1ddaf39f4182%22:%91%22background_color%22%93}\u00a0\u00bb][et_pb_row column_structure=\u00a0\u00bb1_2,1_2&Prime; _builder_version=\u00a0\u00bb4.27.4&Prime; _module_preset=\u00a0\u00bbdefault\u00a0\u00bb width=\u00a0\u00bb100%\u00a0\u00bb max_width=\u00a0\u00bb1712px\u00a0\u00bb global_colors_info=\u00a0\u00bb{}\u00a0\u00bb][et_pb_column type=\u00a0\u00bb1_2&Prime; _builder_version=\u00a0\u00bb4.22.0&Prime; _module_preset=\u00a0\u00bbdefault\u00a0\u00bb global_colors_info=\u00a0\u00bb{}\u00a0\u00bb][et_pb_image src=\u00a0\u00bbhttps:\/\/www.bio-des-alberes.fr\/wp-content\/uploads\/2025\/10\/01010135-scaled.jpg\u00a0\u00bb title_text=\u00a0\u00bbSAMSUNG CSC\u00a0\u00bb _builder_version=\u00a0\u00bb4.27.4&Prime; _module_preset=\u00a0\u00bbdefault\u00a0\u00bb custom_margin=\u00a0\u00bb60px|||||\u00a0\u00bb animation_style=\u00a0\u00bbslide\u00a0\u00bb animation_direction=\u00a0\u00bbright\u00a0\u00bb global_colors_info=\u00a0\u00bb{}\u00a0\u00bb][\/et_pb_image][\/et_pb_column][et_pb_column type=\u00a0\u00bb1_2&Prime; _builder_version=\u00a0\u00bb4.22.0&Prime; _module_preset=\u00a0\u00bbdefault\u00a0\u00bb global_colors_info=\u00a0\u00bb{}\u00a0\u00bb][et_pb_text _builder_version=\u00a0\u00bb4.27.4&Prime; _module_preset=\u00a0\u00bb00ace42e-0447-4bb2-962d-da54b9565191&Prime; header_4_text_color=\u00a0\u00bbgcid-9e45d964-2d43-42f1-8052-a1700ad1fc8d\u00a0\u00bb text_orientation=\u00a0\u00bbcenter\u00a0\u00bb global_colors_info=\u00a0\u00bb{%22gcid-9e45d964-2d43-42f1-8052-a1700ad1fc8d%22:%91%22header_4_text_color%22%93}\u00a0\u00bb]<\/p>\n<h4>NOS ENGAGEMENTS, POUR UN AVENIR MEILLEUR<\/h4>\n<p>[\/et_pb_text][et_pb_text _builder_version=\u00a0\u00bb4.27.4&Prime; _module_preset=\u00a0\u00bbb3bd998b-6c9c-4048-9827-a723b5605f62&Prime; header_text_align=\u00a0\u00bbleft\u00a0\u00bb header_2_font=\u00a0\u00bbAcme|700|||||||\u00a0\u00bb custom_margin=\u00a0\u00bb||10px||false|false\u00a0\u00bb global_colors_info=\u00a0\u00bb{}\u00a0\u00bb]<\/p>\n<h2>Le Go\u00fbt du Local, l&rsquo;Engagement pour l&rsquo;Avenir<\/h2>\n<p>[\/et_pb_text][et_pb_text _builder_version=\u00a0\u00bb4.27.4&Prime; _module_preset=\u00a0\u00bbc39b8675-0560-4b6e-8727-2b884aafb386&Prime; text_font=\u00a0\u00bbAcme||||||||\u00a0\u00bb text_font_size=\u00a0\u00bb20px\u00a0\u00bb text_orientation=\u00a0\u00bbcenter\u00a0\u00bb custom_margin=\u00a0\u00bb32px|||||\u00a0\u00bb custom_padding=\u00a0\u00bb||0px|||\u00a0\u00bb global_colors_info=\u00a0\u00bb{}\u00a0\u00bb]<\/p>\n<h3 style=\"text-align: left;\">Charcuterie : Une tradition pleine de saveurs<\/h3>\n<p style=\"text-align: left;\">Le rayon charcuterie de<strong> Bio des Alb\u00e8res<\/strong> regorge de tr\u00e9sors locaux, chaque produit refl\u00e9tant l\u2019h\u00e9ritage et le savoir-faire de notre r\u00e9gion. <strong>Du saucisson parfum\u00e9<\/strong> \u00e0 la <strong>saucisse traditionnelle<\/strong>, en passant par la <strong>saucisse \u00e0 l\u2019ancienne<\/strong> et une touche ib\u00e9rique avec le<strong> Serrano<\/strong>, chaque pi\u00e8ce est s\u00e9lectionn\u00e9e pour son go\u00fbt et sa qualit\u00e9. Les amateurs de p\u00e2t\u00e9, fritons, foie gras, jambon blanc ou jambon sec y trouveront de quoi ravir leurs papilles, avec des produits qui c\u00e9l\u00e8brent l\u2019excellence du terroir des Alb\u00e8res.<\/p>\n<p>[\/et_pb_text][\/et_pb_column][\/et_pb_row][et_pb_row column_structure=\u00a0\u00bb1_2,1_2&Prime; _builder_version=\u00a0\u00bb4.27.4&Prime; _module_preset=\u00a0\u00bbdefault\u00a0\u00bb width=\u00a0\u00bb100%\u00a0\u00bb max_width=\u00a0\u00bb1712px\u00a0\u00bb custom_margin=\u00a0\u00bb|||38px|false|false\u00a0\u00bb global_colors_info=\u00a0\u00bb{}\u00a0\u00bb][et_pb_column type=\u00a0\u00bb1_2&Prime; _builder_version=\u00a0\u00bb4.22.0&Prime; _module_preset=\u00a0\u00bbdefault\u00a0\u00bb global_colors_info=\u00a0\u00bb{}\u00a0\u00bb][et_pb_text _builder_version=\u00a0\u00bb4.27.4&Prime; _module_preset=\u00a0\u00bbc39b8675-0560-4b6e-8727-2b884aafb386&Prime; text_font=\u00a0\u00bbAcme||||||||\u00a0\u00bb text_font_size=\u00a0\u00bb20px\u00a0\u00bb text_orientation=\u00a0\u00bbcenter\u00a0\u00bb custom_margin=\u00a0\u00bb15px|||||\u00a0\u00bb global_colors_info=\u00a0\u00bb{}\u00a0\u00bb]<\/p>\n<p style=\"text-align: left;\">\n<h3 style=\"text-align: left;\">Fromages : Une escapade gourmande au c\u0153ur des Alb\u00e8res<\/h3>\n<p style=\"text-align: left;\">La s\u00e9lection de <strong>fromages propos\u00e9e au Bio des Alb\u00e8res<\/strong> est une ode aux saveurs authentiques de la r\u00e9gion. Chaque <strong>fromage<\/strong>, soigneusement choisi pour sa <strong>richesse aromatique<\/strong>, sa<strong> texture et son caract\u00e8re unique<\/strong>, refl\u00e8te la diversit\u00e9 et la tradition du terroir. Une exp\u00e9rience gustative qui s\u00e9duira les amateurs de fromages, curieux de d\u00e9couvrir les sp\u00e9cialit\u00e9s locales qui font la<strong> fiert\u00e9 de nos producteurs<\/strong>.<\/p>\n<p>[\/et_pb_text][et_pb_code _builder_version=\u00a0\u00bb4.27.4&Prime; _module_preset=\u00a0\u00bbdefault\u00a0\u00bb global_colors_info=\u00a0\u00bb{}\u00a0\u00bb]<\/p>\n<section class=\"faq-fromages-alberes\" aria-labelledby=\"faq-title-fromages\"><!-- [et_pb_line_break_holder] -->  <!-- [et_pb_line_break_holder] -->  <\/p>\n<h2 id=\"faq-title-fromages\" style=\"text-align: center; margin-bottom: 30px;\">Questions Fr\u00e9quentes sur nos Fromages Bio &#038; Locaux<\/h2>\n<p><!-- [et_pb_line_break_holder] --><!-- [et_pb_line_break_holder] -->  <\/p>\n<div class=\"faq-container\"><!-- [et_pb_line_break_holder] --><!-- [et_pb_line_break_holder] -->    <\/p>\n<details><!-- [et_pb_line_break_holder] -->      <\/p>\n<summary>Quelle sorte de fromages locaux proposez-vous \u00e0 Laroque-des-Alb\u00e8res ?<\/summary>\n<p><!-- [et_pb_line_break_holder] -->      <\/p>\n<div class=\"faq-content\"><!-- [et_pb_line_break_holder] -->        <pee>Nous proposons une s\u00e9lection tournante de <strong>fromages bio et locaux<\/strong>, choisis pour leur saveur authentique et leur qualit\u00e9. Notre gamme varie selon les saisons et les productions de nos <strong>artisans locaux des Pyr\u00e9n\u00e9es-Orientales<\/strong>. Venez d\u00e9couvrir nos fromages de ch\u00e8vre, brebis ou vache directement en magasin.<\/pee><!-- [et_pb_line_break_holder] -->      <\/div>\n<p><!-- [et_pb_line_break_holder] -->    <\/details>\n<p><!-- [et_pb_line_break_holder] --><!-- [et_pb_line_break_holder] -->    <\/p>\n<details><!-- [et_pb_line_break_holder] -->      <\/p>\n<summary>Vos fromages sont-ils issus de producteurs des Alb\u00e8res ?<\/summary>\n<p><!-- [et_pb_line_break_holder] -->      <\/p>\n<div class=\"faq-content\"><!-- [et_pb_line_break_holder] -->        <pee>Oui, nous privil\u00e9gions les circuits courts. La majorit\u00e9 de nos fromages proviennent de producteurs et artisans locaux situ\u00e9s au c\u0153ur des <strong>Alb\u00e8res<\/strong> ou dans les environs proches, dans les Pyr\u00e9n\u00e9es-Orientales (66). Nous nous engageons \u00e0 soutenir le terroir local.<\/pee><!-- [et_pb_line_break_holder] -->      <\/div>\n<p><!-- [et_pb_line_break_holder] -->    <\/details>\n<p><!-- [et_pb_line_break_holder] --><!-- [et_pb_line_break_holder] -->    <\/p>\n<details><!-- [et_pb_line_break_holder] -->      <\/p>\n<summary>Vendez-vous aussi de la charcuterie artisanale locale ?<\/summary>\n<p><!-- [et_pb_line_break_holder] -->      <\/p>\n<div class=\"faq-content\"><!-- [et_pb_line_break_holder] -->        <pee>Absolument. Notre page \u00ab\u00a0Nos Fromages\u00a0\u00bb met aussi \u00e0 l&rsquo;honneur notre <strong>charcuterie artisanale<\/strong>. Vous trouverez des produits du terroir comme du saucisson, du jambon sec, des p\u00e2t\u00e9s, fritons et autres sp\u00e9cialit\u00e9s locales pour accompagner parfaitement vos fromages.<\/pee><!-- [et_pb_line_break_holder] -->      <\/div>\n<p><!-- [et_pb_line_break_holder] -->    <\/details>\n<p><!-- [et_pb_line_break_holder] --><!-- [et_pb_line_break_holder] -->    <\/p>\n<details><!-- [et_pb_line_break_holder] -->      <\/p>\n<summary>O\u00f9 trouver un bon plateau de fromage pr\u00e8s de Sor\u00e8de ou Saint-G\u00e9nis ?<\/summary>\n<p><!-- [et_pb_line_break_holder] -->      <\/p>\n<div class=\"faq-content\"><!-- [et_pb_line_break_holder] -->        <pee>Notre magasin <strong>Bio des Alb\u00e8res<\/strong> est situ\u00e9 \u00e0 <strong>Laroque-des-Alb\u00e8res (Zone artisanale)<\/strong>, \u00e0 seulement quelques minutes de Sorede et Saint-G\u00e9nis-des-Fontaines. C&rsquo;est l&rsquo;endroit id\u00e9al pour venir composer votre plateau de fromages et charcuteries bio et locaux pour l&rsquo;ap\u00e9ritif !<\/pee><!-- [et_pb_line_break_holder] -->      <\/div>\n<p><!-- [et_pb_line_break_holder] -->    <\/details>\n<p><!-- [et_pb_line_break_holder] --><!-- [et_pb_line_break_holder] -->  <\/div>\n<p><!-- [et_pb_line_break_holder] --><!-- [et_pb_line_break_holder] -->  <script type=\"application\/ld+json\"><!-- [et_pb_line_break_holder] -->  {<!-- [et_pb_line_break_holder] -->    \"@context\": \"https:\/\/schema.org\",<!-- [et_pb_line_break_holder] -->    \"@type\": \"FAQPage\",<!-- [et_pb_line_break_holder] -->    \"mainEntity\": [<!-- [et_pb_line_break_holder] -->      {<!-- [et_pb_line_break_holder] -->        \"@type\": \"Question\",<!-- [et_pb_line_break_holder] -->        \"name\": \"Quelle sorte de fromages locaux proposez-vous \u00e0 Laroque-des-Alb\u00e8res ?\",<!-- [et_pb_line_break_holder] -->        \"acceptedAnswer\": {<!-- [et_pb_line_break_holder] -->          \"@type\": \"Answer\",<!-- [et_pb_line_break_holder] -->          \"text\": \"Nous proposons une s\u00e9lection tournante de fromages bio et locaux, choisis pour leur saveur. Notre gamme (ch\u00e8vre, brebis, vache) varie selon les saisons et les productions de nos artisans locaux des Pyr\u00e9n\u00e9es-Orientales.\"<!-- [et_pb_line_break_holder] -->        }<!-- [et_pb_line_break_holder] -->      },<!-- [et_pb_line_break_holder] -->      {<!-- [et_pb_line_break_holder] -->        \"@type\": \"Question\",<!-- [et_pb_line_break_holder] -->        \"name\": \"Vos fromages sont-ils issus de producteurs des Alb\u00e8res ?\",<!-- [et_pb_line_break_holder] -->        \"acceptedAnswer\": {<!-- [et_pb_line_break_holder] -->          \"@type\": \"Answer\",<!-- [et_pb_line_break_holder] -->          \"text\": \"Oui, nous privil\u00e9gions les circuits courts. La majorit\u00e9 de nos fromages proviennent de producteurs et artisans locaux situ\u00e9s au c\u0153ur des Alb\u00e8res ou dans les environs proches, dans les Pyr\u00e9n\u00e9es-Orientales (66).\"<!-- [et_pb_line_break_holder] -->        }<!-- [et_pb_line_break_holder] -->      },<!-- [et_pb_line_break_holder] -->      {<!-- [et_pb_line_break_holder] -->        \"@type\": \"Question\",<!-- [et_pb_line_break_holder] -->        \"name\": \"Vendez-vous aussi de la charcuterie artisanale locale ?\",<!-- [et_pb_line_break_holder] -->        \"acceptedAnswer\": {<!-- [et_pb_line_break_holder] -->          \"@type\": \"Answer\",<!-- [et_pb_line_break_holder] -->          \"text\": \"Absolument. En plus de notre rayon fromagerie, nous offrons une gamme de charcuterie artisanale : saucisson, jambon sec, p\u00e2t\u00e9s et autres sp\u00e9cialit\u00e9s du terroir local.\"<!-- [et_pb_line_break_holder] -->        }<!-- [et_pb_line_break_holder] -->      },<!-- [et_pb_line_break_holder] -->      {<!-- [et_pb_line_break_holder] -->        \"@type\": \"Question\",<!-- [et_pb_line_break_holder] -->        \"name\": \"O\u00f9 trouver un bon plateau de fromage pr\u00e8s de Sor\u00e8de ou Saint-G\u00e9nis ?\",<!-- [et_pb_line_break_holder] -->        \"acceptedAnswer\": {<!-- [et_pb_line_break_holder] -->          \"@type\": \"Answer\",<!-- [et_pb_line_break_holder] -->          \"text\": \"Notre magasin Bio des Alb\u00e8res est situ\u00e9 \u00e0 Laroque-des-Alb\u00e8res (Zone artisanale), \u00e0 quelques minutes de Sor\u00e8de et Saint-G\u00e9nis-des-Fontaines. C'est l'endroit id\u00e9al pour composer votre plateau de fromages et charcuteries bio et locaux.\"<!-- [et_pb_line_break_holder] -->        }<!-- [et_pb_line_break_holder] -->      }<!-- [et_pb_line_break_holder] -->    ]<!-- [et_pb_line_break_holder] -->  }<!-- [et_pb_line_break_holder] -->  <\/script><!-- [et_pb_line_break_holder] --><!-- [et_pb_line_break_holder] --><\/section>\n<p>[\/et_pb_code][\/et_pb_column][et_pb_column type=\u00a0\u00bb1_2&Prime; _builder_version=\u00a0\u00bb4.22.0&Prime; _module_preset=\u00a0\u00bbdefault\u00a0\u00bb global_colors_info=\u00a0\u00bb{}\u00a0\u00bb][et_pb_image src=\u00a0\u00bbhttps:\/\/www.bio-des-alberes.fr\/wp-content\/uploads\/2025\/10\/01010142-scaled.jpg\u00a0\u00bb title_text=\u00a0\u00bbSAMSUNG CSC\u00a0\u00bb _builder_version=\u00a0\u00bb4.27.4&Prime; _module_preset=\u00a0\u00bbdefault\u00a0\u00bb custom_margin=\u00a0\u00bb60px|||||\u00a0\u00bb animation_style=\u00a0\u00bbslide\u00a0\u00bb animation_direction=\u00a0\u00bbright\u00a0\u00bb global_colors_info=\u00a0\u00bb{}\u00a0\u00bb][\/et_pb_image][\/et_pb_column][\/et_pb_row][\/et_pb_section][et_pb_section fb_built=\u00a0\u00bb1&Prime; admin_label=\u00a0\u00bbFooter\u00a0\u00bb _builder_version=\u00a0\u00bb4.27.4&Prime; _module_preset=\u00a0\u00bbdefault\u00a0\u00bb background_color=\u00a0\u00bbgcid-556b209f-6a9f-4b68-83bd-4b7a79f93ac2&Prime; background_image=\u00a0\u00bbhttps:\/\/www.bio-des-alberes.fr\/wp-content\/uploads\/2024\/12\/11200011-scaled.jpg\u00a0\u00bb background_size=\u00a0\u00bbinitial\u00a0\u00bb background_position=\u00a0\u00bbbottom_center\u00a0\u00bb background_vertical_offset=\u00a0\u00bb-40px\u00a0\u00bb custom_padding=\u00a0\u00bb150px||68px||false|false\u00a0\u00bb top_divider_style=\u00a0\u00bbcurve\u00a0\u00bb top_divider_color=\u00a0\u00bb#f5efed\u00a0\u00bb global_module=\u00a0\u00bb773&Prime; saved_tabs=\u00a0\u00bball\u00a0\u00bb collapsed=\u00a0\u00bbon\u00a0\u00bb global_colors_info=\u00a0\u00bb{%22gcid-556b209f-6a9f-4b68-83bd-4b7a79f93ac2%22:%91%22background_color%22%93}\u00a0\u00bb][et_pb_row custom_padding_last_edited=\u00a0\u00bbon|tablet\u00a0\u00bb _builder_version=\u00a0\u00bb4.22.0&Prime; _module_preset=\u00a0\u00bbdefault\u00a0\u00bb background_color=\u00a0\u00bb#FFFFFF\u00a0\u00bb custom_margin=\u00a0\u00bb||30px||false|false\u00a0\u00bb custom_padding=\u00a0\u00bb60px|60px|60px|60px|true|true\u00a0\u00bb custom_padding_tablet=\u00a0\u00bb30px|30px|30px|30px|true|true\u00a0\u00bb custom_padding_phone=\u00a0\u00bb20px|20px|20px|20px|true|true\u00a0\u00bb global_colors_info=\u00a0\u00bb{}\u00a0\u00bb][et_pb_column type=\u00a0\u00bb4_4&Prime; _builder_version=\u00a0\u00bb4.22.0&Prime; _module_preset=\u00a0\u00bbdefault\u00a0\u00bb global_colors_info=\u00a0\u00bb{}\u00a0\u00bb][et_pb_text _builder_version=\u00a0\u00bb4.27.4&Prime; _module_preset=\u00a0\u00bbb3bd998b-6c9c-4048-9827-a723b5605f62&Prime; header_2_font=\u00a0\u00bbAcme|700|||||||\u00a0\u00bb text_orientation=\u00a0\u00bbcenter\u00a0\u00bb custom_margin=\u00a0\u00bb||10px||false|false\u00a0\u00bb global_colors_info=\u00a0\u00bb{}\u00a0\u00bb]<\/p>\n<h2>Bio des Alb\u00e8res<\/h2>\n<p>[\/et_pb_text][et_pb_text _builder_version=\u00a0\u00bb4.27.4&Prime; _module_preset=\u00a0\u00bbc39b8675-0560-4b6e-8727-2b884aafb386&Prime; text_orientation=\u00a0\u00bbcenter\u00a0\u00bb custom_margin=\u00a0\u00bb||10px||false|false\u00a0\u00bb global_colors_info=\u00a0\u00bb{}\u00a0\u00bb]<\/p>\n<div class=\"x9f619 x1ja2u2z x2lah0s x1n2onr6 x1qughib xozqiw3 x1q0g3np x6s0dn4 x78zum5 xdj266r x11i5rnm xat24cr x1mh8g0r xexx8yu x4uap5 x18d9i69 xkhd6sd\">\n<div class=\"x9f619 x1n2onr6 x1ja2u2z x78zum5 xdt5ytf x2lah0s x193iq5w xeuugli xwib8y2 x1y1aw1k\" style=\"text-align: center;\">Lundi FERM\u00c9<br \/>Mardi 09:15-13:00 | 15:30-19:00<br \/>Mercredi 09:15-13:00 | 15:30-19:00<br \/>Jeudi 09:15-13:00 | 15:30-19:00<br \/>Vendredi 09:15-13:00 | 15:30-19:00<br \/>Samedi 09:15-13:00 | 15:30-19:00<br \/>Dimanche\u00a0FERM\u00c9<\/div>\n<\/div>\n<p>[\/et_pb_text][et_pb_text _builder_version=\u00a0\u00bb4.27.4&Prime; _module_preset=\u00a0\u00bbc39b8675-0560-4b6e-8727-2b884aafb386&Prime; text_orientation=\u00a0\u00bbcenter\u00a0\u00bb link_option_url=\u00a0\u00bbhttps:\/\/www.google.com\/maps\/place\/Potagers+bio\/@42.5480268,2.9420174,17z\/data=!3m1!4b1!4m6!3m5!1s0x12b0782bf48ddb71:0x52544bac0993653b!8m2!3d42.5480268!4d2.9420174!16s%2Fg%2F1tcx3l07?entry=ttu&#038;g_ep=EgoyMDI0MTIwNC4wIKXMDSoASAFQAw%3D%3D\u00a0\u00bb global_colors_info=\u00a0\u00bb{}\u00a0\u00bb]<\/p>\n<p><a href=\"https:\/\/www.google.com\/maps\/place\/Potagers+bio\/@42.5480268,2.9420174,17z\/data=!3m1!4b1!4m6!3m5!1s0x12b0782bf48ddb71:0x52544bac0993653b!8m2!3d42.5480268!4d2.9420174!16s%2Fg%2F1tcx3l07?entry=ttu&amp;g_ep=EgoyMDI0MTIwNC4wIKXMDSoASAFQAw%3D%3D\">D\u00e9partementale 618, Zone artisanale, 66740 Laroque-des-Alb\u00e8res<\/a><\/p>\n<p>[\/et_pb_text][et_pb_text _builder_version=\u00a0\u00bb4.27.4&Prime; _module_preset=\u00a0\u00bbdefault\u00a0\u00bb text_orientation=\u00a0\u00bbcenter\u00a0\u00bb global_colors_info=\u00a0\u00bb{}\u00a0\u00bb]<iframe src=\"https:\/\/www.google.com\/maps\/embed?pb=!1m18!1m12!1m3!1d2939.34216974164!2d2.9420173999999992!3d42.54802679999999!2m3!1f0!2f0!3f0!3m2!1i1024!2i768!4f13.1!3m3!1m2!1s0x12b0782bf48ddb71%3A0x52544bac0993653b!2sPotagers%20bio!5e0!3m2!1sfr!2sfr!4v1733754792510!5m2!1sfr!2sfr\" width=\"900\" height=\"450\" style=\"border: 0;\" allowfullscreen=\"\" loading=\"lazy\" referrerpolicy=\"no-referrer-when-downgrade\"><\/iframe>[\/et_pb_text][et_pb_button button_url=\u00a0\u00bbhttps:\/\/www.google.com\/maps\/dir\/\/Potagers+bio+D%C3%A9partementale+618+Zone+artisanale+66740+Laroque-des-Alb%C3%A8res\/@42.5480268,2.9420174,16z\/data=!4m5!4m4!1m0!1m2!1m1!1s0x12b0782bf48ddb71:0x52544bac0993653b\u00a0\u00bb button_text=\u00a0\u00bbitineraire facile\u00a0\u00bb button_alignment=\u00a0\u00bbcenter\u00a0\u00bb _builder_version=\u00a0\u00bb4.27.4&Prime; _module_preset=\u00a0\u00bbd46dc6aa-c646-4c33-b058-7d74e7c55f86&Prime; global_colors_info=\u00a0\u00bb{}\u00a0\u00bb][\/et_pb_button][\/et_pb_column][\/et_pb_row][et_pb_row column_structure=\u00a0\u00bb1_2,1_4,1_4&Prime; _builder_version=\u00a0\u00bb4.27.4&Prime; _module_preset=\u00a0\u00bbdefault\u00a0\u00bb background_color=\u00a0\u00bb#5da31b\u00a0\u00bb custom_margin=\u00a0\u00bb0px||||false|false\u00a0\u00bb custom_padding=\u00a0\u00bb17px|32px|17px|32px|true|true\u00a0\u00bb global_colors_info=\u00a0\u00bb{}\u00a0\u00bb][et_pb_column type=\u00a0\u00bb1_2&Prime; _builder_version=\u00a0\u00bb4.22.0&Prime; _module_preset=\u00a0\u00bbdefault\u00a0\u00bb global_colors_info=\u00a0\u00bb{}\u00a0\u00bb][et_pb_text _builder_version=\u00a0\u00bb4.27.4&Prime; _module_preset=\u00a0\u00bbc39b8675-0560-4b6e-8727-2b884aafb386&Prime; text_text_color=\u00a0\u00bb#FFFFFF\u00a0\u00bb global_colors_info=\u00a0\u00bb{}\u00a0\u00bb]<\/p>\n<p><strong>Le Bio des Alb\u00e8res<\/strong><\/p>\n<p>Bio des Alb\u00e8res est plus qu&rsquo;un simple magasin bio. Nous sommes une entreprise locale d\u00e9di\u00e9e \u00e0 la promotion d&rsquo;une alimentation saine et durable tout en soutenant les producteurs de notre r\u00e9gion. Notre mission est de fournir des produits de haute qualit\u00e9 tout en favorisant une \u00e9conomie locale forte et solidaire<\/p>\n<p>[\/et_pb_text][et_pb_social_media_follow _builder_version=\u00a0\u00bb4.22.0&Prime; _module_preset=\u00a0\u00bbdefault\u00a0\u00bb global_colors_info=\u00a0\u00bb{}\u00a0\u00bb][et_pb_social_media_follow_network social_network=\u00a0\u00bbfacebook\u00a0\u00bb _builder_version=\u00a0\u00bb4.22.0&Prime; _module_preset=\u00a0\u00bbdefault\u00a0\u00bb global_colors_info=\u00a0\u00bb{}\u00a0\u00bb follow_button=\u00a0\u00bboff\u00a0\u00bb url_new_window=\u00a0\u00bbon\u00a0\u00bb]facebook[\/et_pb_social_media_follow_network][et_pb_social_media_follow_network social_network=\u00a0\u00bbtwitter\u00a0\u00bb _builder_version=\u00a0\u00bb4.22.0&Prime; _module_preset=\u00a0\u00bbdefault\u00a0\u00bb global_colors_info=\u00a0\u00bb{}\u00a0\u00bb follow_button=\u00a0\u00bboff\u00a0\u00bb url_new_window=\u00a0\u00bbon\u00a0\u00bb]twitter[\/et_pb_social_media_follow_network][et_pb_social_media_follow_network social_network=\u00a0\u00bbinstagram\u00a0\u00bb _builder_version=\u00a0\u00bb4.22.0&Prime; _module_preset=\u00a0\u00bbdefault\u00a0\u00bb global_colors_info=\u00a0\u00bb{}\u00a0\u00bb follow_button=\u00a0\u00bboff\u00a0\u00bb url_new_window=\u00a0\u00bbon\u00a0\u00bb]instagram[\/et_pb_social_media_follow_network][\/et_pb_social_media_follow][\/et_pb_column][et_pb_column type=\u00a0\u00bb1_4&Prime; _builder_version=\u00a0\u00bb4.22.0&Prime; _module_preset=\u00a0\u00bbdefault\u00a0\u00bb global_colors_info=\u00a0\u00bb{}\u00a0\u00bb][et_pb_text _builder_version=\u00a0\u00bb4.27.4&Prime; _module_preset=\u00a0\u00bbe3c65a3d-a8c7-452d-9556-60c12a7ddde3&Prime; header_4_text_color=\u00a0\u00bb#FFFFFF\u00a0\u00bb custom_margin=\u00a0\u00bb||10px||false|false\u00a0\u00bb global_colors_info=\u00a0\u00bb{}\u00a0\u00bb]<\/p>\n<h4>Contact Info<\/h4>\n<p>[\/et_pb_text][et_pb_text _builder_version=\u00a0\u00bb4.27.4&Prime; _module_preset=\u00a0\u00bbc39b8675-0560-4b6e-8727-2b884aafb386&Prime; text_text_color=\u00a0\u00bb#FFFFFF\u00a0\u00bb link_text_color=\u00a0\u00bb#FFFFFF\u00a0\u00bb custom_margin=\u00a0\u00bb||10px||false|false\u00a0\u00bb global_colors_info=\u00a0\u00bb{}\u00a0\u00bb]<\/p>\n<p><a href=\"tel:0622298854\">06 22 29 88 54<\/a><\/p>\n<p>[\/et_pb_text][et_pb_text _builder_version=\u00a0\u00bb4.27.4&Prime; _module_preset=\u00a0\u00bbc39b8675-0560-4b6e-8727-2b884aafb386&Prime; text_text_color=\u00a0\u00bb#FFFFFF\u00a0\u00bb link_text_color=\u00a0\u00bb#FFFFFF\u00a0\u00bb custom_margin=\u00a0\u00bb||10px||false|false\u00a0\u00bb link_option_url=\u00a0\u00bbhttps:\/\/www.google.com\/maps\/place\/Potagers+bio\/@42.5480268,2.9420174,17z\/data=!3m1!4b1!4m6!3m5!1s0x12b0782bf48ddb71:0x52544bac0993653b!8m2!3d42.5480268!4d2.9420174!16s%2Fg%2F1tcx3l07?entry=ttu&#038;g_ep=EgoyMDI0MTIwNC4wIKXMDSoASAFQAw%3D%3D\u00a0\u00bb global_colors_info=\u00a0\u00bb{}\u00a0\u00bb]<\/p>\n<p><span style=\"color: #3366ff;\"><a href=\"mailto:google.com\/maps\/place\/Potagers+bio\/@42.5480268,2.9420174,17z\/data=!3m1!4b1!4m6!3m5!1s0x12b0782bf48ddb71:0x52544bac0993653b!8m2!3d42.5480268!4d2.9420174!16s%2Fg%2F1tcx3l07?entry=ttu&amp;g_ep=EgoyMDI0MTIwMi4wIKXMDSoASAFQAw%3D%3D\" data-url=\"\/maps\/place\/\/data=!4m2!3m1!1s0x12b0782bf48ddb71:0x52544bac0993653b?sa=X&amp;ved=2ahUKEwjW0aCOvJCKAxU2BfsDHVxdCfUQ4kB6BAgIEAA\" ping=\"\/url?sa=t&amp;source=web&amp;rct=j&amp;opi=89978449&amp;url=\/maps\/place\/\/data%3D!4m2!3m1!1s0x12b0782bf48ddb71:0x52544bac0993653b%3Fsa%3DX%26ved%3D1t:8290%26ictx%3D111&amp;ved=2ahUKEwjW0aCOvJCKAxU2BfsDHVxdCfUQ4kB6BAg0EAM\" style=\"color: #3366ff;\" tabindex=\"0\">D\u00e9partementale 618, Zone artisanale, 66740 Laroque-des-Alb\u00e8res<\/a><\/span><\/p>\n<p>[\/et_pb_text][\/et_pb_column][et_pb_column type=\u00a0\u00bb1_4&Prime; _builder_version=\u00a0\u00bb4.22.0&Prime; _module_preset=\u00a0\u00bbdefault\u00a0\u00bb global_colors_info=\u00a0\u00bb{}\u00a0\u00bb][et_pb_text _builder_version=\u00a0\u00bb4.22.0&Prime; _module_preset=\u00a0\u00bbe3c65a3d-a8c7-452d-9556-60c12a7ddde3&Prime; header_4_text_color=\u00a0\u00bb#FFFFFF\u00a0\u00bb custom_margin=\u00a0\u00bb||10px||false|false\u00a0\u00bb locked=\u00a0\u00bboff\u00a0\u00bb global_colors_info=\u00a0\u00bb{}\u00a0\u00bb]<\/p>\n<h4>Produits<\/h4>\n<p>[\/et_pb_text][et_pb_text _builder_version=\u00a0\u00bb4.22.0&Prime; _module_preset=\u00a0\u00bbc39b8675-0560-4b6e-8727-2b884aafb386&Prime; text_text_color=\u00a0\u00bb#FFFFFF\u00a0\u00bb link_text_color=\u00a0\u00bb#FFFFFF\u00a0\u00bb custom_margin=\u00a0\u00bb||10px||false|false\u00a0\u00bb locked=\u00a0\u00bboff\u00a0\u00bb global_colors_info=\u00a0\u00bb{}\u00a0\u00bb]<\/p>\n<p>Fruits et L\u00e9gumes<\/p>\n<p>[\/et_pb_text][et_pb_text _builder_version=\u00a0\u00bb4.27.4&Prime; _module_preset=\u00a0\u00bbc39b8675-0560-4b6e-8727-2b884aafb386&Prime; text_text_color=\u00a0\u00bb#FFFFFF\u00a0\u00bb link_text_color=\u00a0\u00bb#FFFFFF\u00a0\u00bb custom_margin=\u00a0\u00bb||10px||false|false\u00a0\u00bb locked=\u00a0\u00bboff\u00a0\u00bb global_colors_info=\u00a0\u00bb{}\u00a0\u00bb]<\/p>\n<p>Produits de Viande Locale<\/p>\n<p>[\/et_pb_text][et_pb_text _builder_version=\u00a0\u00bb4.27.4&Prime; _module_preset=\u00a0\u00bbc39b8675-0560-4b6e-8727-2b884aafb386&Prime; text_text_color=\u00a0\u00bb#FFFFFF\u00a0\u00bb link_text_color=\u00a0\u00bb#FFFFFF\u00a0\u00bb custom_margin=\u00a0\u00bb||10px||false|false\u00a0\u00bb locked=\u00a0\u00bboff\u00a0\u00bb global_colors_info=\u00a0\u00bb{}\u00a0\u00bb]<\/p>\n<p>Produits Secs Locaux<\/p>\n<p>[\/et_pb_text][et_pb_text _builder_version=\u00a0\u00bb4.27.4&Prime; _module_preset=\u00a0\u00bbc39b8675-0560-4b6e-8727-2b884aafb386&Prime; text_text_color=\u00a0\u00bb#FFFFFF\u00a0\u00bb link_text_color=\u00a0\u00bb#FFFFFF\u00a0\u00bb custom_margin=\u00a0\u00bb||10px||false|false\u00a0\u00bb locked=\u00a0\u00bboff\u00a0\u00bb global_colors_info=\u00a0\u00bb{}\u00a0\u00bb]<\/p>\n<p>\u00c9picerie Fine<\/p>\n<p>[\/et_pb_text][\/et_pb_column][\/et_pb_row][\/et_pb_section]<\/p>\n","protected":false},"excerpt":{"rendered":"<p>\n\t\t\t\t<p class=\"rs-p-wp-fix\"><\/p>\n\t\t\t\t<sr7-module data-alias=\"slider-1-1\" data-id=\"2\" id=\"SR7_2_2\" class=\"rs-ov-hidden\" data-version=\"6.7.23\">\n\t\t\t\t\t<sr7-adjuster><\/sr7-adjuster>\n\t\t\t\t\t<sr7-content>\n\t\t\t\t\t\t<sr7-slide id=\"SR7_2_2-3\" data-key=\"3\">\n\t\t\t\t\t\t\t<sr7-txt id=\"SR7_2_2-3-0\" class=\"sr7-layer\">\n\nLe BIO<\/sr7-txt>\n\t\t\t\t\t\t\t<a id=\"SR7_2_2-3-1\" class=\"sr7-layer\" href=\"https:\/\/www.bio-des-alberes.fr\/\" target=\"_self\">NOS PRODUITS<\/a>\n\t\t\t\t\t\t\t<a id=\"SR7_2_2-3-2\" class=\"sr7-layer\" href=\"https:\/\/www.bio-des-alberes.fr\/contact\/\" target=\"_self\">CONTACT<\/a>\n\t\t\t\t\t\t\t<sr7-txt id=\"SR7_2_2-3-3\" class=\"sr7-layer\">des Alb\u00e8res<\/sr7-txt>\n\t\t\t\t\t\t\t<sr7-txt id=\"SR7_2_2-3-6\" class=\"sr7-layer\">Nos fromages & charcuteries<\/sr7-txt>\n\t\t\t\t\t\t<\/sr7-slide>\n\t\t\t\t\t\t<sr7-slide id=\"SR7_2_2-4\" data-key=\"4\">\n\t\t\t\t\t\t<\/sr7-slide>\n\t\t\t\t\t<\/sr7-content>\n\t\t\t\t<\/sr7-module>\n\t\t\t\t<script>\n\t\t\t\t\tSR7.PMH ??={}; SR7.PMH[\"SR7_2_2\"] = {cn:100,state:false,fn: function() { if (_tpt!==undefined && _tpt.prepareModuleHeight !== undefined) {  _tpt.prepareModuleHeight({id:\"SR7_2_2\",el:[900,900,768,960,720],type:'standard',shdw:'0',gh:[900,900,743,565,349],gw:[1240,1240,1024,778,480],vpt:['-100px'],size:{fullWidth:true, fullHeight:false},mh:'0',onh:0,onw:0,bg:{color:'{\"orig\":\"transparent\",\"type\":\"solid\",\"string\":\"transparent\"}'}});   SR7.PMH[\"SR7_2_2\"].state=true;} else if(SR7.PMH[\"SR7_2_2\"].cn-->0)\tsetTimeout( SR7.PMH[\"SR7_2_2\"].fn,19);}};SR7.PMH[\"SR7_2_2\" ].fn();\n\t\t\t\t<\/script>\nNos FromagesUne Escale Gourmande au c\u0153ur des Alb\u00e8resDans le cadre enchanteur des Alb\u00e8res, Bio des Alb\u00e8res met \u00e0 l\u2019honneur une s\u00e9lection de fromages et de charcuteries qui c\u00e9l\u00e8brent les tr\u00e9sors du terroir. Chaque produit, \u00e9labor\u00e9 avec passion par des artisans locaux, offre des saveurs authentiques et g\u00e9n\u00e9reuses. Un v\u00e9ritable voyage culinaire qui ravira les [&hellip;]<\/p>\n","protected":false},"author":1,"featured_media":0,"parent":0,"menu_order":0,"comment_status":"closed","ping_status":"closed","template":"","meta":{"_et_pb_use_builder":"on","_et_pb_old_content":"","_et_gb_content_width":"","footnotes":""},"class_list":["post-757","page","type-page","status-publish","hentry"],"yoast_head":"<!-- This site is optimized with the Yoast SEO plugin v26.2 - https:\/\/yoast.com\/wordpress\/plugins\/seo\/ -->\n<title>Nos Fromages - Bio des Alb\u00e8res<\/title>\n<meta name=\"robots\" content=\"index, follow, max-snippet:-1, max-image-preview:large, max-video-preview:-1\" \/>\n<link rel=\"canonical\" href=\"https:\/\/www.bio-des-alberes.fr\/es\/nos-fromages\/\" \/>\n<meta property=\"og:locale\" content=\"es_ES\" \/>\n<meta property=\"og:type\" content=\"article\" \/>\n<meta property=\"og:title\" content=\"Nos Fromages - Bio des Alb\u00e8res\" \/>\n<meta property=\"og:description\" content=\"Nos FromagesUne Escale Gourmande au c\u0153ur des Alb\u00e8resDans le cadre enchanteur des Alb\u00e8res, Bio des Alb\u00e8res met \u00e0 l\u2019honneur une s\u00e9lection de fromages et de charcuteries qui c\u00e9l\u00e8brent les tr\u00e9sors du terroir. Chaque produit, \u00e9labor\u00e9 avec passion par des artisans locaux, offre des saveurs authentiques et g\u00e9n\u00e9reuses. Un v\u00e9ritable voyage culinaire qui ravira les [&hellip;]\" \/>\n<meta property=\"og:url\" content=\"https:\/\/www.bio-des-alberes.fr\/es\/nos-fromages\/\" \/>\n<meta property=\"og:site_name\" content=\"Bio des Alb\u00e8res\" \/>\n<meta property=\"article:publisher\" content=\"https:\/\/www.facebook.com\/p\/Le-bio-des-Albres-61568067446958\/\" \/>\n<meta property=\"article:modified_time\" content=\"2025-10-24T04:09:33+00:00\" \/>\n<meta name=\"twitter:card\" content=\"summary_large_image\" \/>\n<meta name=\"twitter:label1\" content=\"Tiempo de lectura\" \/>\n\t<meta name=\"twitter:data1\" content=\"5 minutos\" \/>\n<script type=\"application\/ld+json\" class=\"yoast-schema-graph\">{\"@context\":\"https:\/\/schema.org\",\"@graph\":[{\"@type\":\"WebPage\",\"@id\":\"https:\/\/www.bio-des-alberes.fr\/nos-fromages\/\",\"url\":\"https:\/\/www.bio-des-alberes.fr\/nos-fromages\/\",\"name\":\"Nos Fromages - Bio des Alb\u00e8res\",\"isPartOf\":{\"@id\":\"https:\/\/www.bio-des-alberes.fr\/#website\"},\"datePublished\":\"2024-12-09T15:25:43+00:00\",\"dateModified\":\"2025-10-24T04:09:33+00:00\",\"breadcrumb\":{\"@id\":\"https:\/\/www.bio-des-alberes.fr\/nos-fromages\/#breadcrumb\"},\"inLanguage\":\"es\",\"potentialAction\":[{\"@type\":\"ReadAction\",\"target\":[\"https:\/\/www.bio-des-alberes.fr\/nos-fromages\/\"]}]},{\"@type\":\"BreadcrumbList\",\"@id\":\"https:\/\/www.bio-des-alberes.fr\/nos-fromages\/#breadcrumb\",\"itemListElement\":[{\"@type\":\"ListItem\",\"position\":1,\"name\":\"Accueil\",\"item\":\"https:\/\/www.bio-des-alberes.fr\/\"},{\"@type\":\"ListItem\",\"position\":2,\"name\":\"Nos Fromages\"}]},{\"@type\":\"WebSite\",\"@id\":\"https:\/\/www.bio-des-alberes.fr\/#website\",\"url\":\"https:\/\/www.bio-des-alberes.fr\/\",\"name\":\"Bio 66 - Magasin bio des Alberes\",\"description\":\"Fruits et l&eacute;gumes bio, produits locaux, &eacute;picerie fine\",\"publisher\":{\"@id\":\"https:\/\/www.bio-des-alberes.fr\/#organization\"},\"potentialAction\":[{\"@type\":\"SearchAction\",\"target\":{\"@type\":\"EntryPoint\",\"urlTemplate\":\"https:\/\/www.bio-des-alberes.fr\/?s={search_term_string}\"},\"query-input\":{\"@type\":\"PropertyValueSpecification\",\"valueRequired\":true,\"valueName\":\"search_term_string\"}}],\"inLanguage\":\"es\"},{\"@type\":\"Organization\",\"@id\":\"https:\/\/www.bio-des-alberes.fr\/#organization\",\"name\":\"Bio des Alb\u00e8res\",\"url\":\"https:\/\/www.bio-des-alberes.fr\/\",\"logo\":{\"@type\":\"ImageObject\",\"inLanguage\":\"es\",\"@id\":\"https:\/\/www.bio-des-alberes.fr\/#\/schema\/logo\/image\/\",\"url\":\"https:\/\/www.bio-des-alberes.fr\/wp-content\/uploads\/2024\/12\/bio-des-alberes-logo2.png\",\"contentUrl\":\"https:\/\/www.bio-des-alberes.fr\/wp-content\/uploads\/2024\/12\/bio-des-alberes-logo2.png\",\"width\":803,\"height\":466,\"caption\":\"Bio des Alb\u00e8res\"},\"image\":{\"@id\":\"https:\/\/www.bio-des-alberes.fr\/#\/schema\/logo\/image\/\"},\"sameAs\":[\"https:\/\/www.facebook.com\/p\/Le-bio-des-Albres-61568067446958\/\"]}]}<\/script>\n<!-- \/ Yoast SEO plugin. -->","yoast_head_json":{"title":"Nos Fromages - Bio des Alb\u00e8res","robots":{"index":"index","follow":"follow","max-snippet":"max-snippet:-1","max-image-preview":"max-image-preview:large","max-video-preview":"max-video-preview:-1"},"canonical":"https:\/\/www.bio-des-alberes.fr\/es\/nos-fromages\/","og_locale":"es_ES","og_type":"article","og_title":"Nos Fromages - Bio des Alb\u00e8res","og_description":"Nos FromagesUne Escale Gourmande au c\u0153ur des Alb\u00e8resDans le cadre enchanteur des Alb\u00e8res, Bio des Alb\u00e8res met \u00e0 l\u2019honneur une s\u00e9lection de fromages et de charcuteries qui c\u00e9l\u00e8brent les tr\u00e9sors du terroir. Chaque produit, \u00e9labor\u00e9 avec passion par des artisans locaux, offre des saveurs authentiques et g\u00e9n\u00e9reuses. Un v\u00e9ritable voyage culinaire qui ravira les [&hellip;]","og_url":"https:\/\/www.bio-des-alberes.fr\/es\/nos-fromages\/","og_site_name":"Bio des Alb\u00e8res","article_publisher":"https:\/\/www.facebook.com\/p\/Le-bio-des-Albres-61568067446958\/","article_modified_time":"2025-10-24T04:09:33+00:00","twitter_card":"summary_large_image","twitter_misc":{"Tiempo de lectura":"5 minutos"},"schema":{"@context":"https:\/\/schema.org","@graph":[{"@type":"WebPage","@id":"https:\/\/www.bio-des-alberes.fr\/nos-fromages\/","url":"https:\/\/www.bio-des-alberes.fr\/nos-fromages\/","name":"Nos Fromages - Bio des Alb\u00e8res","isPartOf":{"@id":"https:\/\/www.bio-des-alberes.fr\/#website"},"datePublished":"2024-12-09T15:25:43+00:00","dateModified":"2025-10-24T04:09:33+00:00","breadcrumb":{"@id":"https:\/\/www.bio-des-alberes.fr\/nos-fromages\/#breadcrumb"},"inLanguage":"es","potentialAction":[{"@type":"ReadAction","target":["https:\/\/www.bio-des-alberes.fr\/nos-fromages\/"]}]},{"@type":"BreadcrumbList","@id":"https:\/\/www.bio-des-alberes.fr\/nos-fromages\/#breadcrumb","itemListElement":[{"@type":"ListItem","position":1,"name":"Accueil","item":"https:\/\/www.bio-des-alberes.fr\/"},{"@type":"ListItem","position":2,"name":"Nos Fromages"}]},{"@type":"WebSite","@id":"https:\/\/www.bio-des-alberes.fr\/#website","url":"https:\/\/www.bio-des-alberes.fr\/","name":"Bio 66 - Magasin bio des Alberes","description":"Fruits et l&eacute;gumes bio, produits locaux, &eacute;picerie fine","publisher":{"@id":"https:\/\/www.bio-des-alberes.fr\/#organization"},"potentialAction":[{"@type":"SearchAction","target":{"@type":"EntryPoint","urlTemplate":"https:\/\/www.bio-des-alberes.fr\/?s={search_term_string}"},"query-input":{"@type":"PropertyValueSpecification","valueRequired":true,"valueName":"search_term_string"}}],"inLanguage":"es"},{"@type":"Organization","@id":"https:\/\/www.bio-des-alberes.fr\/#organization","name":"Bio des Alb\u00e8res","url":"https:\/\/www.bio-des-alberes.fr\/","logo":{"@type":"ImageObject","inLanguage":"es","@id":"https:\/\/www.bio-des-alberes.fr\/#\/schema\/logo\/image\/","url":"https:\/\/www.bio-des-alberes.fr\/wp-content\/uploads\/2024\/12\/bio-des-alberes-logo2.png","contentUrl":"https:\/\/www.bio-des-alberes.fr\/wp-content\/uploads\/2024\/12\/bio-des-alberes-logo2.png","width":803,"height":466,"caption":"Bio des Alb\u00e8res"},"image":{"@id":"https:\/\/www.bio-des-alberes.fr\/#\/schema\/logo\/image\/"},"sameAs":["https:\/\/www.facebook.com\/p\/Le-bio-des-Albres-61568067446958\/"]}]}},"_links":{"self":[{"href":"https:\/\/www.bio-des-alberes.fr\/es\/wp-json\/wp\/v2\/pages\/757","targetHints":{"allow":["GET"]}}],"collection":[{"href":"https:\/\/www.bio-des-alberes.fr\/es\/wp-json\/wp\/v2\/pages"}],"about":[{"href":"https:\/\/www.bio-des-alberes.fr\/es\/wp-json\/wp\/v2\/types\/page"}],"author":[{"embeddable":true,"href":"https:\/\/www.bio-des-alberes.fr\/es\/wp-json\/wp\/v2\/users\/1"}],"replies":[{"embeddable":true,"href":"https:\/\/www.bio-des-alberes.fr\/es\/wp-json\/wp\/v2\/comments?post=757"}],"version-history":[{"count":10,"href":"https:\/\/www.bio-des-alberes.fr\/es\/wp-json\/wp\/v2\/pages\/757\/revisions"}],"predecessor-version":[{"id":10226,"href":"https:\/\/www.bio-des-alberes.fr\/es\/wp-json\/wp\/v2\/pages\/757\/revisions\/10226"}],"wp:attachment":[{"href":"https:\/\/www.bio-des-alberes.fr\/es\/wp-json\/wp\/v2\/media?parent=757"}],"curies":[{"name":"wp","href":"https:\/\/api.w.org\/{rel}","templated":true}]}}