{"id":117,"date":"2024-12-05T11:27:53","date_gmt":"2024-12-05T11:27:53","guid":{"rendered":"https:\/\/www.bio-des-alberes.fr\/?page_id=117"},"modified":"2024-12-20T13:59:12","modified_gmt":"2024-12-20T13:59:12","slug":"contact","status":"publish","type":"page","link":"https:\/\/www.bio-des-alberes.fr\/nl\/contact\/","title":{"rendered":"Neem contact op met"},"content":{"rendered":"<p>[et_pb_section fb_built=\u00a0\u00bb1&Prime; theme_builder_area=\u00a0\u00bbpost_content\u00a0\u00bb _builder_version=\u00a0\u00bb4.27.4&Prime; _module_preset=\u00a0\u00bbdefault\u00a0\u00bb hover_enabled=\u00a0\u00bb0&Prime; sticky_enabled=\u00a0\u00bb0&Prime; custom_padding=\u00a0\u00bb0px||0px||false|false\u00a0\u00bb][et_pb_row _builder_version=\u00a0\u00bb4.27.4&Prime; _module_preset=\u00a0\u00bbdefault\u00a0\u00bb theme_builder_area=\u00a0\u00bbpost_content\u00a0\u00bb width=\u00a0\u00bb100%\u00a0\u00bb max_width=\u00a0\u00bb2146px\u00a0\u00bb hover_enabled=\u00a0\u00bb0&Prime; sticky_enabled=\u00a0\u00bb0&Prime; custom_padding=\u00a0\u00bb7px||3px|||\u00a0\u00bb][et_pb_column _builder_version=\u00a0\u00bb4.27.4&Prime; _module_preset=\u00a0\u00bbdefault\u00a0\u00bb type=\u00a0\u00bb4_4&Prime; theme_builder_area=\u00a0\u00bbpost_content\u00a0\u00bb][et_pb_text _builder_version=\u00a0\u00bb4.27.4&Prime; _module_preset=\u00a0\u00bbdefault\u00a0\u00bb theme_builder_area=\u00a0\u00bbpost_content\u00a0\u00bb hover_enabled=\u00a0\u00bb0&Prime; sticky_enabled=\u00a0\u00bb0&Prime; custom_margin=\u00a0\u00bb0px||0px||false|false\u00a0\u00bb custom_padding=\u00a0\u00bb0px||0px||false|false\u00a0\u00bb]<\/p>\n\n\t\t\t\t<p class=\"rs-p-wp-fix\"><\/p>\n\t\t\t\t<sr7-module data-alias=\"slider-1-11-1\" data-id=\"6\" id=\"SR7_6_1\" class=\"rs-ov-hidden\" data-version=\"6.7.23\">\n\t\t\t\t\t<sr7-adjuster><\/sr7-adjuster>\n\t\t\t\t\t<sr7-content>\n\t\t\t\t\t\t<sr7-slide id=\"SR7_6_1-11\" data-key=\"11\">\n\t\t\t\t\t\t\t<sr7-txt id=\"SR7_6_1-11-0\" class=\"sr7-layer\">\n\nContact<\/sr7-txt>\n\t\t\t\t\t\t\t<sr7-txt id=\"SR7_6_1-11-6\" class=\"sr7-layer\">Des produits bio, pr\u00e8s de chez vous<\/sr7-txt>\n\t\t\t\t\t\t<\/sr7-slide>\n\t\t\t\t\t\t<sr7-slide id=\"SR7_6_1-12\" data-key=\"12\">\n\t\t\t\t\t\t<\/sr7-slide>\n\t\t\t\t\t<\/sr7-content>\n\t\t\t\t<\/sr7-module>\n\t\t\t\t<script>\n\t\t\t\t\tSR7.PMH ??={}; SR7.PMH[\"SR7_6_1\"] = {cn:100,state:false,fn: function() { if (_tpt!==undefined && _tpt.prepareModuleHeight !== undefined) {  _tpt.prepareModuleHeight({id:\"SR7_6_1\",el:[500,500,768,960,720],type:'standard',shdw:'0',gh:[500,500,413,314,194],gw:[1240,1240,1024,778,480],vpt:['-100px'],size:{fullWidth:true, fullHeight:false},mh:'0',onh:0,onw:0,bg:{color:'{\"orig\":\"transparent\",\"type\":\"solid\",\"string\":\"transparent\"}'}});   SR7.PMH[\"SR7_6_1\"].state=true;} else if(SR7.PMH[\"SR7_6_1\"].cn-->0)\tsetTimeout( SR7.PMH[\"SR7_6_1\"].fn,19);}};SR7.PMH[\"SR7_6_1\" ].fn();\n\t\t\t\t<\/script>\n\n<p>[\/et_pb_text][\/et_pb_column][\/et_pb_row][\/et_pb_section][et_pb_section fb_built=\u00a0\u00bb1&Prime; admin_label=\u00a0\u00bbHeader &#038; Contact Info\u00a0\u00bb _builder_version=\u00a0\u00bb4.22.0&Prime; _module_preset=\u00a0\u00bbdefault\u00a0\u00bb background_color=\u00a0\u00bbgcid-86e0e939-2c75-4117-936f-1ddaf39f4182&Prime; collapsed=\u00a0\u00bbon\u00a0\u00bb global_colors_info=\u00a0\u00bb{%22gcid-86e0e939-2c75-4117-936f-1ddaf39f4182%22:%91%22background_color%22%93}\u00a0\u00bb custom_margin=\u00a0\u00bb2px|||||\u00a0\u00bb][et_pb_row _builder_version=\u00a0\u00bb4.22.0&Prime; _module_preset=\u00a0\u00bbdefault\u00a0\u00bb global_colors_info=\u00a0\u00bb{}\u00a0\u00bb][et_pb_column type=\u00a0\u00bb4_4&Prime; _builder_version=\u00a0\u00bb4.22.0&Prime; _module_preset=\u00a0\u00bbdefault\u00a0\u00bb global_colors_info=\u00a0\u00bb{}\u00a0\u00bb][et_pb_text _builder_version=\u00a0\u00bb4.27.4&Prime; _module_preset=\u00a0\u00bb0ea33dcc-3a64-40e5-8c5f-df1e529deb58&Prime; header_4_text_color=\u00a0\u00bbgcid-9e45d964-2d43-42f1-8052-a1700ad1fc8d\u00a0\u00bb global_colors_info=\u00a0\u00bb{%22gcid-9e45d964-2d43-42f1-8052-a1700ad1fc8d%22:%91%22header_4_text_color%22%93}\u00a0\u00bb]<\/p>\n<h4>Contact<\/h4>\n<p>[\/et_pb_text][et_pb_text _builder_version=\u00a0\u00bb4.22.0&Prime; _module_preset=\u00a0\u00bbe3d8e112-6224-4723-903d-003c8a63f5ac\u00a0\u00bb global_colors_info=\u00a0\u00bb{}\u00a0\u00bb]<\/p>\n<h1>Information de contact<\/h1>\n<p>[\/et_pb_text][\/et_pb_column][\/et_pb_row][et_pb_row column_structure=\u00a0\u00bb1_2,1_2&Prime; _builder_version=\u00a0\u00bb4.22.0&Prime; _module_preset=\u00a0\u00bbdefault\u00a0\u00bb global_colors_info=\u00a0\u00bb{}\u00a0\u00bb][et_pb_column type=\u00a0\u00bb1_2&Prime; _builder_version=\u00a0\u00bb4.22.0&Prime; _module_preset=\u00a0\u00bbdefault\u00a0\u00bb global_colors_info=\u00a0\u00bb{}\u00a0\u00bb][et_pb_image src=\u00a0\u00bbhttps:\/\/www.bio-des-alberes.fr\/wp-content\/uploads\/2024\/12\/Food_Co-op_Icon-14-3.png\u00a0\u00bb title_text=\u00a0\u00bbFood_Co-op_Icon 14&Prime; _builder_version=\u00a0\u00bb4.22.0&Prime; _module_preset=\u00a0\u00bbdefault\u00a0\u00bb max_width=\u00a0\u00bb32px\u00a0\u00bb max_height=\u00a0\u00bb32px\u00a0\u00bb custom_margin=\u00a0\u00bb||10px||false|false\u00a0\u00bb global_colors_info=\u00a0\u00bb{}\u00a0\u00bb][\/et_pb_image][et_pb_text _builder_version=\u00a0\u00bb4.27.4&Prime; _module_preset=\u00a0\u00bb4bd92e25-bc36-4807-9d62-a8d0a2e249b7&Prime; custom_margin=\u00a0\u00bb||||false|false\u00a0\u00bb global_colors_info=\u00a0\u00bb{}\u00a0\u00bb]<\/p>\n<p><a href=\"mailto:Biogourmand4@gmail.com\">Biogourmand4@gmail.com<\/a><\/p>\n<p>[\/et_pb_text][et_pb_image src=\u00a0\u00bbhttps:\/\/www.bio-des-alberes.fr\/wp-content\/uploads\/2024\/12\/Food_Co-op_Icon-15-3.png\u00a0\u00bb title_text=\u00a0\u00bbFood_Co-op_Icon 15&Prime; _builder_version=\u00a0\u00bb4.22.0&Prime; _module_preset=\u00a0\u00bbdefault\u00a0\u00bb max_width=\u00a0\u00bb32px\u00a0\u00bb max_height=\u00a0\u00bb32px\u00a0\u00bb custom_margin=\u00a0\u00bb||10px||false|false\u00a0\u00bb global_colors_info=\u00a0\u00bb{}\u00a0\u00bb][\/et_pb_image][et_pb_text _builder_version=\u00a0\u00bb4.27.4&Prime; _module_preset=\u00a0\u00bb4bd92e25-bc36-4807-9d62-a8d0a2e249b7&Prime; custom_margin=\u00a0\u00bb||||false|false\u00a0\u00bb global_colors_info=\u00a0\u00bb{}\u00a0\u00bb]<\/p>\n<p><a href=\"tel:0622298854\">0622298854<\/a><\/p>\n<p>[\/et_pb_text][et_pb_image src=\u00a0\u00bbhttps:\/\/www.bio-des-alberes.fr\/wp-content\/uploads\/2024\/12\/Food_Co-op_Icon-16-3.png\u00a0\u00bb title_text=\u00a0\u00bbFood_Co-op_Icon 16&Prime; _builder_version=\u00a0\u00bb4.22.0&Prime; _module_preset=\u00a0\u00bbdefault\u00a0\u00bb max_width=\u00a0\u00bb32px\u00a0\u00bb max_height=\u00a0\u00bb32px\u00a0\u00bb custom_margin=\u00a0\u00bb||10px||false|false\u00a0\u00bb global_colors_info=\u00a0\u00bb{}\u00a0\u00bb][\/et_pb_image][et_pb_text _builder_version=\u00a0\u00bb4.27.4&Prime; _module_preset=\u00a0\u00bb4bd92e25-bc36-4807-9d62-a8d0a2e249b7&Prime; custom_margin=\u00a0\u00bb||||false|false\u00a0\u00bb link_option_url=\u00a0\u00bbgoogle.com\/maps\/place\/Potagers+bio\/@42.5480268,2.9420174,17z\/data=!3m1!4b1!4m6!3m5!1s0x12b0782bf48ddb71:0x52544bac0993653b!8m2!3d42.5480268!4d2.9420174!16s%2Fg%2F1tcx3l07?entry=ttu&#038;g_ep=EgoyMDI0MTIwMi4wIKXMDSoASAFQAw%3D%3D\u00a0\u00bb global_colors_info=\u00a0\u00bb{}\u00a0\u00bb]<\/p>\n<h4><a href=\"https:\/\/www.google.com\/maps\/place\/\/data=!4m2!3m1!1s0x12b0782bf48ddb71:0x52544bac0993653b?sa=X&amp;ved=1t:8290&amp;ictx=111\" data-url=\"\/maps\/place\/\/data=!4m2!3m1!1s0x12b0782bf48ddb71:0x52544bac0993653b?sa=X&amp;ved=2ahUKEwjW0aCOvJCKAxU2BfsDHVxdCfUQ4kB6BAgIEAA\" ping=\"\/url?sa=t&amp;source=web&amp;rct=j&amp;opi=89978449&amp;url=\/maps\/place\/\/data%3D!4m2!3m1!1s0x12b0782bf48ddb71:0x52544bac0993653b%3Fsa%3DX%26ved%3D1t:8290%26ictx%3D111&amp;ved=2ahUKEwjW0aCOvJCKAxU2BfsDHVxdCfUQ4kB6BAg0EAM\" tabindex=\"0\"><span>D\u00e9partementale 618, Zone artisanale, 66740 Laroque-des-Alb\u00e8res<\/span><\/a><\/h4>\n<p>[\/et_pb_text][\/et_pb_column][et_pb_column type=\u00a0\u00bb1_2&Prime; _builder_version=\u00a0\u00bb4.22.0&Prime; _module_preset=\u00a0\u00bbdefault\u00a0\u00bb global_colors_info=\u00a0\u00bb{}\u00a0\u00bb][et_pb_contact_form captcha=\u00a0\u00bboff\u00a0\u00bb email=\u00a0\u00bbBiogourmand4@gmail.com\u00a0\u00bb _builder_version=\u00a0\u00bb4.27.4&Prime; _module_preset=\u00a0\u00bb51556afb-823c-41c1-97ac-e4d044c597df\u00a0\u00bb locked=\u00a0\u00bboff\u00a0\u00bb global_colors_info=\u00a0\u00bb{}\u00a0\u00bb][et_pb_contact_field field_id=\u00a0\u00bbName\u00a0\u00bb field_title=\u00a0\u00bbNom\u00a0\u00bb fullwidth_field=\u00a0\u00bbon\u00a0\u00bb _builder_version=\u00a0\u00bb4.27.4&Prime; _module_preset=\u00a0\u00bbdefault\u00a0\u00bb global_colors_info=\u00a0\u00bb{}\u00a0\u00bb button_text_size__hover_enabled=\u00a0\u00bboff\u00a0\u00bb button_one_text_size__hover_enabled=\u00a0\u00bboff\u00a0\u00bb button_two_text_size__hover_enabled=\u00a0\u00bboff\u00a0\u00bb button_text_color__hover_enabled=\u00a0\u00bboff\u00a0\u00bb button_one_text_color__hover_enabled=\u00a0\u00bboff\u00a0\u00bb button_two_text_color__hover_enabled=\u00a0\u00bboff\u00a0\u00bb button_border_width__hover_enabled=\u00a0\u00bboff\u00a0\u00bb button_one_border_width__hover_enabled=\u00a0\u00bboff\u00a0\u00bb button_two_border_width__hover_enabled=\u00a0\u00bboff\u00a0\u00bb button_border_color__hover_enabled=\u00a0\u00bboff\u00a0\u00bb button_one_border_color__hover_enabled=\u00a0\u00bboff\u00a0\u00bb button_two_border_color__hover_enabled=\u00a0\u00bboff\u00a0\u00bb button_border_radius__hover_enabled=\u00a0\u00bboff\u00a0\u00bb button_one_border_radius__hover_enabled=\u00a0\u00bboff\u00a0\u00bb button_two_border_radius__hover_enabled=\u00a0\u00bboff\u00a0\u00bb button_letter_spacing__hover_enabled=\u00a0\u00bboff\u00a0\u00bb button_one_letter_spacing__hover_enabled=\u00a0\u00bboff\u00a0\u00bb button_two_letter_spacing__hover_enabled=\u00a0\u00bboff\u00a0\u00bb button_bg_color__hover_enabled=\u00a0\u00bboff\u00a0\u00bb button_one_bg_color__hover_enabled=\u00a0\u00bboff\u00a0\u00bb button_two_bg_color__hover_enabled=\u00a0\u00bboff\u00a0\u00bb][\/et_pb_contact_field][et_pb_contact_field field_id=\u00a0\u00bbEmail\u00a0\u00bb field_title=\u00a0\u00bbEmail\u00a0\u00bb field_type=\u00a0\u00bbemail\u00a0\u00bb fullwidth_field=\u00a0\u00bbon\u00a0\u00bb _builder_version=\u00a0\u00bb4.27.4&Prime; _module_preset=\u00a0\u00bbdefault\u00a0\u00bb global_colors_info=\u00a0\u00bb{}\u00a0\u00bb button_text_size__hover_enabled=\u00a0\u00bboff\u00a0\u00bb button_one_text_size__hover_enabled=\u00a0\u00bboff\u00a0\u00bb button_two_text_size__hover_enabled=\u00a0\u00bboff\u00a0\u00bb button_text_color__hover_enabled=\u00a0\u00bboff\u00a0\u00bb button_one_text_color__hover_enabled=\u00a0\u00bboff\u00a0\u00bb button_two_text_color__hover_enabled=\u00a0\u00bboff\u00a0\u00bb button_border_width__hover_enabled=\u00a0\u00bboff\u00a0\u00bb button_one_border_width__hover_enabled=\u00a0\u00bboff\u00a0\u00bb button_two_border_width__hover_enabled=\u00a0\u00bboff\u00a0\u00bb button_border_color__hover_enabled=\u00a0\u00bboff\u00a0\u00bb button_one_border_color__hover_enabled=\u00a0\u00bboff\u00a0\u00bb button_two_border_color__hover_enabled=\u00a0\u00bboff\u00a0\u00bb button_border_radius__hover_enabled=\u00a0\u00bboff\u00a0\u00bb button_one_border_radius__hover_enabled=\u00a0\u00bboff\u00a0\u00bb button_two_border_radius__hover_enabled=\u00a0\u00bboff\u00a0\u00bb button_letter_spacing__hover_enabled=\u00a0\u00bboff\u00a0\u00bb button_one_letter_spacing__hover_enabled=\u00a0\u00bboff\u00a0\u00bb button_two_letter_spacing__hover_enabled=\u00a0\u00bboff\u00a0\u00bb button_bg_color__hover_enabled=\u00a0\u00bboff\u00a0\u00bb button_one_bg_color__hover_enabled=\u00a0\u00bboff\u00a0\u00bb button_two_bg_color__hover_enabled=\u00a0\u00bboff\u00a0\u00bb][\/et_pb_contact_field][et_pb_contact_field field_id=\u00a0\u00bbMessage\u00a0\u00bb field_title=\u00a0\u00bbMessage\u00a0\u00bb field_type=\u00a0\u00bbtext\u00a0\u00bb fullwidth_field=\u00a0\u00bbon\u00a0\u00bb _builder_version=\u00a0\u00bb4.16&Prime; _module_preset=\u00a0\u00bbdefault\u00a0\u00bb global_colors_info=\u00a0\u00bb{}\u00a0\u00bb button_text_size__hover_enabled=\u00a0\u00bboff\u00a0\u00bb button_one_text_size__hover_enabled=\u00a0\u00bboff\u00a0\u00bb button_two_text_size__hover_enabled=\u00a0\u00bboff\u00a0\u00bb button_text_color__hover_enabled=\u00a0\u00bboff\u00a0\u00bb button_one_text_color__hover_enabled=\u00a0\u00bboff\u00a0\u00bb button_two_text_color__hover_enabled=\u00a0\u00bboff\u00a0\u00bb button_border_width__hover_enabled=\u00a0\u00bboff\u00a0\u00bb button_one_border_width__hover_enabled=\u00a0\u00bboff\u00a0\u00bb button_two_border_width__hover_enabled=\u00a0\u00bboff\u00a0\u00bb button_border_color__hover_enabled=\u00a0\u00bboff\u00a0\u00bb button_one_border_color__hover_enabled=\u00a0\u00bboff\u00a0\u00bb button_two_border_color__hover_enabled=\u00a0\u00bboff\u00a0\u00bb button_border_radius__hover_enabled=\u00a0\u00bboff\u00a0\u00bb button_one_border_radius__hover_enabled=\u00a0\u00bboff\u00a0\u00bb button_two_border_radius__hover_enabled=\u00a0\u00bboff\u00a0\u00bb button_letter_spacing__hover_enabled=\u00a0\u00bboff\u00a0\u00bb button_one_letter_spacing__hover_enabled=\u00a0\u00bboff\u00a0\u00bb button_two_letter_spacing__hover_enabled=\u00a0\u00bboff\u00a0\u00bb button_bg_color__hover_enabled=\u00a0\u00bboff\u00a0\u00bb button_one_bg_color__hover_enabled=\u00a0\u00bboff\u00a0\u00bb button_two_bg_color__hover_enabled=\u00a0\u00bboff\u00a0\u00bb][\/et_pb_contact_field][\/et_pb_contact_form][\/et_pb_column][\/et_pb_row][\/et_pb_section][et_pb_section fb_built=\u00a0\u00bb1&Prime; admin_label=\u00a0\u00bbFooter\u00a0\u00bb _builder_version=\u00a0\u00bb4.27.4&Prime; _module_preset=\u00a0\u00bbdefault\u00a0\u00bb background_color=\u00a0\u00bbgcid-556b209f-6a9f-4b68-83bd-4b7a79f93ac2&Prime; background_image=\u00a0\u00bbhttps:\/\/www.bio-des-alberes.fr\/wp-content\/uploads\/2024\/12\/11200011-scaled.jpg\u00a0\u00bb background_size=\u00a0\u00bbinitial\u00a0\u00bb background_position=\u00a0\u00bbbottom_center\u00a0\u00bb background_vertical_offset=\u00a0\u00bb-40px\u00a0\u00bb custom_padding=\u00a0\u00bb150px||68px||false|false\u00a0\u00bb top_divider_style=\u00a0\u00bbcurve\u00a0\u00bb top_divider_color=\u00a0\u00bb#f5efed\u00a0\u00bb saved_tabs=\u00a0\u00bball\u00a0\u00bb collapsed=\u00a0\u00bbon\u00a0\u00bb global_colors_info=\u00a0\u00bb{%22gcid-556b209f-6a9f-4b68-83bd-4b7a79f93ac2%22:%91%22background_color%22%93}\u00a0\u00bb][et_pb_row custom_padding_last_edited=\u00a0\u00bbon|tablet\u00a0\u00bb _builder_version=\u00a0\u00bb4.22.0&Prime; _module_preset=\u00a0\u00bbdefault\u00a0\u00bb background_color=\u00a0\u00bb#FFFFFF\u00a0\u00bb custom_margin=\u00a0\u00bb||30px||false|false\u00a0\u00bb custom_padding=\u00a0\u00bb60px|60px|60px|60px|true|true\u00a0\u00bb custom_padding_tablet=\u00a0\u00bb30px|30px|30px|30px|true|true\u00a0\u00bb custom_padding_phone=\u00a0\u00bb20px|20px|20px|20px|true|true\u00a0\u00bb global_colors_info=\u00a0\u00bb{}\u00a0\u00bb][et_pb_column type=\u00a0\u00bb4_4&Prime; _builder_version=\u00a0\u00bb4.22.0&Prime; _module_preset=\u00a0\u00bbdefault\u00a0\u00bb global_colors_info=\u00a0\u00bb{}\u00a0\u00bb][et_pb_text _builder_version=\u00a0\u00bb4.27.4&Prime; _module_preset=\u00a0\u00bbb3bd998b-6c9c-4048-9827-a723b5605f62&Prime; text_orientation=\u00a0\u00bbcenter\u00a0\u00bb custom_margin=\u00a0\u00bb||10px||false|false\u00a0\u00bb global_colors_info=\u00a0\u00bb{}\u00a0\u00bb]<\/p>\n<h2>Bio des Alb\u00e8res<\/h2>\n<p>[\/et_pb_text][et_pb_text _builder_version=\u00a0\u00bb4.27.4&Prime; _module_preset=\u00a0\u00bbc39b8675-0560-4b6e-8727-2b884aafb386&Prime; text_orientation=\u00a0\u00bbcenter\u00a0\u00bb custom_margin=\u00a0\u00bb||10px||false|false\u00a0\u00bb global_colors_info=\u00a0\u00bb{}\u00a0\u00bb]<\/p>\n<p>Lundi FERM\u00c9<br \/>Mardi 09:15-13:00 | 15:30-19:00<br \/>Mercredi 09:15-13:00 | 15:30-19:00<br \/>Jeudi 09:15-13:00 | 15:30-19:00<br \/>Vendredi 09:15-13:00 | 15:30-19:00<br \/>Samedi 09:15-13:00 | 15:30-19:00<br \/>Dimanche\u00a0FERM\u00c9<\/p>\n<p>[\/et_pb_text][et_pb_text _builder_version=\u00a0\u00bb4.27.4&Prime; _module_preset=\u00a0\u00bbc39b8675-0560-4b6e-8727-2b884aafb386&Prime; text_orientation=\u00a0\u00bbcenter\u00a0\u00bb link_option_url=\u00a0\u00bbhttps:\/\/www.google.com\/maps\/place\/Potagers+bio\/@42.5480268,2.9420174,17z\/data=!3m1!4b1!4m6!3m5!1s0x12b0782bf48ddb71:0x52544bac0993653b!8m2!3d42.5480268!4d2.9420174!16s%2Fg%2F1tcx3l07?entry=ttu&#038;g_ep=EgoyMDI0MTIwNC4wIKXMDSoASAFQAw%3D%3D\u00a0\u00bb global_colors_info=\u00a0\u00bb{}\u00a0\u00bb]<\/p>\n<p><a href=\"https:\/\/www.google.com\/maps\/place\/Potagers+bio\/@42.5480268,2.9420174,17z\/data=!3m1!4b1!4m6!3m5!1s0x12b0782bf48ddb71:0x52544bac0993653b!8m2!3d42.5480268!4d2.9420174!16s%2Fg%2F1tcx3l07?entry=ttu&amp;g_ep=EgoyMDI0MTIwNC4wIKXMDSoASAFQAw%3D%3D\">D\u00e9partementale 618, Zone artisanale, 66740 Laroque-des-Alb\u00e8res<\/a><\/p>\n<p>[\/et_pb_text][et_pb_text _builder_version=\u00a0\u00bb4.27.4&Prime; _module_preset=\u00a0\u00bbdefault\u00a0\u00bb text_orientation=\u00a0\u00bbcenter\u00a0\u00bb global_colors_info=\u00a0\u00bb{}\u00a0\u00bb]<iframe src=\"https:\/\/www.google.com\/maps\/embed?pb=!1m18!1m12!1m3!1d2939.34216974164!2d2.9420173999999992!3d42.54802679999999!2m3!1f0!2f0!3f0!3m2!1i1024!2i768!4f13.1!3m3!1m2!1s0x12b0782bf48ddb71%3A0x52544bac0993653b!2sPotagers%20bio!5e0!3m2!1sfr!2sfr!4v1733754792510!5m2!1sfr!2sfr\" width=\"900\" height=\"450\" style=\"border: 0;\" allowfullscreen=\"\" loading=\"lazy\" referrerpolicy=\"no-referrer-when-downgrade\"><\/iframe>[\/et_pb_text][et_pb_button button_url=\u00a0\u00bbhttps:\/\/www.google.com\/maps\/dir\/\/Potagers+bio+D%C3%A9partementale+618+Zone+artisanale+66740+Laroque-des-Alb%C3%A8res\/@42.5480268,2.9420174,16z\/data=!4m5!4m4!1m0!1m2!1m1!1s0x12b0782bf48ddb71:0x52544bac0993653b\u00a0\u00bb button_text=\u00a0\u00bbitineraire facile\u00a0\u00bb button_alignment=\u00a0\u00bbcenter\u00a0\u00bb _builder_version=\u00a0\u00bb4.27.4&Prime; _module_preset=\u00a0\u00bbd46dc6aa-c646-4c33-b058-7d74e7c55f86&Prime; global_colors_info=\u00a0\u00bb{}\u00a0\u00bb][\/et_pb_button][\/et_pb_column][\/et_pb_row][et_pb_row column_structure=\u00a0\u00bb1_2,1_4,1_4&Prime; _builder_version=\u00a0\u00bb4.27.4&Prime; _module_preset=\u00a0\u00bbdefault\u00a0\u00bb background_color=\u00a0\u00bb#5da31b\u00a0\u00bb custom_margin=\u00a0\u00bb0px||||false|false\u00a0\u00bb custom_padding=\u00a0\u00bb17px|32px|17px|32px|true|true\u00a0\u00bb global_colors_info=\u00a0\u00bb{}\u00a0\u00bb][et_pb_column type=\u00a0\u00bb1_2&Prime; _builder_version=\u00a0\u00bb4.22.0&Prime; _module_preset=\u00a0\u00bbdefault\u00a0\u00bb global_colors_info=\u00a0\u00bb{}\u00a0\u00bb][et_pb_text _builder_version=\u00a0\u00bb4.27.4&Prime; _module_preset=\u00a0\u00bbc39b8675-0560-4b6e-8727-2b884aafb386&Prime; text_text_color=\u00a0\u00bb#FFFFFF\u00a0\u00bb global_colors_info=\u00a0\u00bb{}\u00a0\u00bb]<\/p>\n<p><strong>Le Bio des Alb\u00e8res<\/strong><\/p>\n<p>Bio des Alb\u00e8res est plus qu&rsquo;un simple magasin bio. Nous sommes une entreprise locale d\u00e9di\u00e9e \u00e0 la promotion d&rsquo;une alimentation saine et durable tout en soutenant les producteurs de notre r\u00e9gion. Notre mission est de fournir des produits de haute qualit\u00e9 tout en favorisant une \u00e9conomie locale forte et solidaire<\/p>\n<p>[\/et_pb_text][et_pb_social_media_follow _builder_version=\u00a0\u00bb4.22.0&Prime; _module_preset=\u00a0\u00bbdefault\u00a0\u00bb global_colors_info=\u00a0\u00bb{}\u00a0\u00bb][et_pb_social_media_follow_network social_network=\u00a0\u00bbfacebook\u00a0\u00bb _builder_version=\u00a0\u00bb4.22.0&Prime; _module_preset=\u00a0\u00bbdefault\u00a0\u00bb global_colors_info=\u00a0\u00bb{}\u00a0\u00bb follow_button=\u00a0\u00bboff\u00a0\u00bb url_new_window=\u00a0\u00bbon\u00a0\u00bb]facebook[\/et_pb_social_media_follow_network][et_pb_social_media_follow_network social_network=\u00a0\u00bbtwitter\u00a0\u00bb _builder_version=\u00a0\u00bb4.22.0&Prime; _module_preset=\u00a0\u00bbdefault\u00a0\u00bb global_colors_info=\u00a0\u00bb{}\u00a0\u00bb follow_button=\u00a0\u00bboff\u00a0\u00bb url_new_window=\u00a0\u00bbon\u00a0\u00bb]twitter[\/et_pb_social_media_follow_network][et_pb_social_media_follow_network social_network=\u00a0\u00bbinstagram\u00a0\u00bb _builder_version=\u00a0\u00bb4.22.0&Prime; _module_preset=\u00a0\u00bbdefault\u00a0\u00bb global_colors_info=\u00a0\u00bb{}\u00a0\u00bb follow_button=\u00a0\u00bboff\u00a0\u00bb url_new_window=\u00a0\u00bbon\u00a0\u00bb]instagram[\/et_pb_social_media_follow_network][\/et_pb_social_media_follow][\/et_pb_column][et_pb_column type=\u00a0\u00bb1_4&Prime; _builder_version=\u00a0\u00bb4.22.0&Prime; _module_preset=\u00a0\u00bbdefault\u00a0\u00bb global_colors_info=\u00a0\u00bb{}\u00a0\u00bb][et_pb_text _builder_version=\u00a0\u00bb4.27.4&Prime; _module_preset=\u00a0\u00bbe3c65a3d-a8c7-452d-9556-60c12a7ddde3&Prime; header_4_text_color=\u00a0\u00bb#FFFFFF\u00a0\u00bb custom_margin=\u00a0\u00bb||10px||false|false\u00a0\u00bb global_colors_info=\u00a0\u00bb{}\u00a0\u00bb]<\/p>\n<h4>Contact Info<\/h4>\n<p>[\/et_pb_text][et_pb_text _builder_version=\u00a0\u00bb4.27.4&Prime; _module_preset=\u00a0\u00bbc39b8675-0560-4b6e-8727-2b884aafb386&Prime; text_text_color=\u00a0\u00bb#FFFFFF\u00a0\u00bb link_text_color=\u00a0\u00bb#FFFFFF\u00a0\u00bb custom_margin=\u00a0\u00bb||10px||false|false\u00a0\u00bb global_colors_info=\u00a0\u00bb{}\u00a0\u00bb]<\/p>\n<p><a href=\"tel:0622298854\">0622298854<\/a><\/p>\n<p>[\/et_pb_text][et_pb_text _builder_version=\u00a0\u00bb4.27.4&Prime; _module_preset=\u00a0\u00bbc39b8675-0560-4b6e-8727-2b884aafb386&Prime; text_text_color=\u00a0\u00bb#FFFFFF\u00a0\u00bb link_text_color=\u00a0\u00bb#FFFFFF\u00a0\u00bb custom_margin=\u00a0\u00bb||10px||false|false\u00a0\u00bb link_option_url=\u00a0\u00bbhttps:\/\/www.google.com\/maps\/place\/Potagers+bio\/@42.5480268,2.9420174,17z\/data=!3m1!4b1!4m6!3m5!1s0x12b0782bf48ddb71:0x52544bac0993653b!8m2!3d42.5480268!4d2.9420174!16s%2Fg%2F1tcx3l07?entry=ttu&#038;g_ep=EgoyMDI0MTIwNC4wIKXMDSoASAFQAw%3D%3D\u00a0\u00bb global_colors_info=\u00a0\u00bb{}\u00a0\u00bb]<\/p>\n<p><span style=\"color: #3366ff;\"><a href=\"mailto:google.com\/maps\/place\/Potagers+bio\/@42.5480268,2.9420174,17z\/data=!3m1!4b1!4m6!3m5!1s0x12b0782bf48ddb71:0x52544bac0993653b!8m2!3d42.5480268!4d2.9420174!16s%2Fg%2F1tcx3l07?entry=ttu&amp;g_ep=EgoyMDI0MTIwMi4wIKXMDSoASAFQAw%3D%3D\" data-url=\"\/maps\/place\/\/data=!4m2!3m1!1s0x12b0782bf48ddb71:0x52544bac0993653b?sa=X&amp;ved=2ahUKEwjW0aCOvJCKAxU2BfsDHVxdCfUQ4kB6BAgIEAA\" ping=\"\/url?sa=t&amp;source=web&amp;rct=j&amp;opi=89978449&amp;url=\/maps\/place\/\/data%3D!4m2!3m1!1s0x12b0782bf48ddb71:0x52544bac0993653b%3Fsa%3DX%26ved%3D1t:8290%26ictx%3D111&amp;ved=2ahUKEwjW0aCOvJCKAxU2BfsDHVxdCfUQ4kB6BAg0EAM\" style=\"color: #3366ff;\" tabindex=\"0\">D\u00e9partementale 618, Zone artisanale, 66740 Laroque-des-Alb\u00e8res<\/a><\/span><\/p>\n<p>[\/et_pb_text][\/et_pb_column][et_pb_column type=\u00a0\u00bb1_4&Prime; _builder_version=\u00a0\u00bb4.22.0&Prime; _module_preset=\u00a0\u00bbdefault\u00a0\u00bb global_colors_info=\u00a0\u00bb{}\u00a0\u00bb][et_pb_text _builder_version=\u00a0\u00bb4.22.0&Prime; _module_preset=\u00a0\u00bbe3c65a3d-a8c7-452d-9556-60c12a7ddde3&Prime; header_4_text_color=\u00a0\u00bb#FFFFFF\u00a0\u00bb custom_margin=\u00a0\u00bb||10px||false|false\u00a0\u00bb locked=\u00a0\u00bboff\u00a0\u00bb global_colors_info=\u00a0\u00bb{}\u00a0\u00bb]<\/p>\n<h4>Produits<\/h4>\n<p>[\/et_pb_text][et_pb_text _builder_version=\u00a0\u00bb4.22.0&Prime; _module_preset=\u00a0\u00bbc39b8675-0560-4b6e-8727-2b884aafb386&Prime; text_text_color=\u00a0\u00bb#FFFFFF\u00a0\u00bb link_text_color=\u00a0\u00bb#FFFFFF\u00a0\u00bb custom_margin=\u00a0\u00bb||10px||false|false\u00a0\u00bb locked=\u00a0\u00bboff\u00a0\u00bb global_colors_info=\u00a0\u00bb{}\u00a0\u00bb]<\/p>\n<p>Fruits et L\u00e9gumes<\/p>\n<p>[\/et_pb_text][et_pb_text _builder_version=\u00a0\u00bb4.27.4&Prime; _module_preset=\u00a0\u00bbc39b8675-0560-4b6e-8727-2b884aafb386&Prime; text_text_color=\u00a0\u00bb#FFFFFF\u00a0\u00bb link_text_color=\u00a0\u00bb#FFFFFF\u00a0\u00bb custom_margin=\u00a0\u00bb||10px||false|false\u00a0\u00bb locked=\u00a0\u00bboff\u00a0\u00bb global_colors_info=\u00a0\u00bb{}\u00a0\u00bb]<\/p>\n<p>Produits de Viande Locale<\/p>\n<p>[\/et_pb_text][et_pb_text _builder_version=\u00a0\u00bb4.27.4&Prime; _module_preset=\u00a0\u00bbc39b8675-0560-4b6e-8727-2b884aafb386&Prime; text_text_color=\u00a0\u00bb#FFFFFF\u00a0\u00bb link_text_color=\u00a0\u00bb#FFFFFF\u00a0\u00bb custom_margin=\u00a0\u00bb||10px||false|false\u00a0\u00bb locked=\u00a0\u00bboff\u00a0\u00bb global_colors_info=\u00a0\u00bb{}\u00a0\u00bb]<\/p>\n<p>Produits Secs Locaux<\/p>\n<p>[\/et_pb_text][et_pb_text _builder_version=\u00a0\u00bb4.27.4&Prime; _module_preset=\u00a0\u00bbc39b8675-0560-4b6e-8727-2b884aafb386&Prime; text_text_color=\u00a0\u00bb#FFFFFF\u00a0\u00bb link_text_color=\u00a0\u00bb#FFFFFF\u00a0\u00bb custom_margin=\u00a0\u00bb||10px||false|false\u00a0\u00bb locked=\u00a0\u00bboff\u00a0\u00bb global_colors_info=\u00a0\u00bb{}\u00a0\u00bb]<\/p>\n<p>\u00c9picerie Fine<\/p>\n<p>[\/et_pb_text][\/et_pb_column][\/et_pb_row][\/et_pb_section]<\/p>\n","protected":false},"excerpt":{"rendered":"<p>\n\t\t\t\t<p class=\"rs-p-wp-fix\"><\/p>\n\t\t\t\t<sr7-module data-alias=\"slider-1-11-1\" data-id=\"6\" id=\"SR7_6_2\" class=\"rs-ov-hidden\" data-version=\"6.7.23\">\n\t\t\t\t\t<sr7-adjuster><\/sr7-adjuster>\n\t\t\t\t\t<sr7-content>\n\t\t\t\t\t\t<sr7-slide id=\"SR7_6_2-11\" data-key=\"11\">\n\t\t\t\t\t\t\t<sr7-txt id=\"SR7_6_2-11-0\" class=\"sr7-layer\">\n\nContact<\/sr7-txt>\n\t\t\t\t\t\t\t<sr7-txt id=\"SR7_6_2-11-6\" class=\"sr7-layer\">Des produits bio, pr\u00e8s de chez vous<\/sr7-txt>\n\t\t\t\t\t\t<\/sr7-slide>\n\t\t\t\t\t\t<sr7-slide id=\"SR7_6_2-12\" data-key=\"12\">\n\t\t\t\t\t\t<\/sr7-slide>\n\t\t\t\t\t<\/sr7-content>\n\t\t\t\t<\/sr7-module>\n\t\t\t\t<script>\n\t\t\t\t\tSR7.PMH ??={}; SR7.PMH[\"SR7_6_2\"] = {cn:100,state:false,fn: function() { if (_tpt!==undefined && _tpt.prepareModuleHeight !== undefined) {  _tpt.prepareModuleHeight({id:\"SR7_6_2\",el:[500,500,768,960,720],type:'standard',shdw:'0',gh:[500,500,413,314,194],gw:[1240,1240,1024,778,480],vpt:['-100px'],size:{fullWidth:true, fullHeight:false},mh:'0',onh:0,onw:0,bg:{color:'{\"orig\":\"transparent\",\"type\":\"solid\",\"string\":\"transparent\"}'}});   SR7.PMH[\"SR7_6_2\"].state=true;} else if(SR7.PMH[\"SR7_6_2\"].cn-->0)\tsetTimeout( SR7.PMH[\"SR7_6_2\"].fn,19);}};SR7.PMH[\"SR7_6_2\" ].fn();\n\t\t\t\t<\/script>\nContactInformation de contactBiogourmand4@gmail.com0622298854D\u00e9partementale 618, Zone artisanale, 66740 Laroque-des-Alb\u00e8resBio des Alb\u00e8resLundi FERM\u00c9Mardi 09:15-13:00 | 15:30-19:00Mercredi 09:15-13:00 | 15:30-19:00Jeudi 09:15-13:00 | 15:30-19:00Vendredi 09:15-13:00 | 15:30-19:00Samedi 09:15-13:00 | 15:30-19:00Dimanche\u00a0FERM\u00c9D\u00e9partementale 618, Zone artisanale, 66740 Laroque-des-Alb\u00e8resLe Bio des Alb\u00e8res Bio des Alb\u00e8res est plus qu&rsquo;un simple magasin bio. Nous sommes une entreprise locale d\u00e9di\u00e9e \u00e0 la promotion d&rsquo;une alimentation [&hellip;]<\/p>\n","protected":false},"author":1,"featured_media":0,"parent":0,"menu_order":0,"comment_status":"closed","ping_status":"closed","template":"","meta":{"_et_pb_use_builder":"on","_et_pb_old_content":"","_et_gb_content_width":"","footnotes":""},"class_list":["post-117","page","type-page","status-publish","hentry"],"yoast_head":"<!-- This site is optimized with the Yoast SEO plugin v26.2 - https:\/\/yoast.com\/wordpress\/plugins\/seo\/ -->\n<title>Contact - Bio des Alb\u00e8res<\/title>\n<meta name=\"robots\" content=\"index, follow, max-snippet:-1, max-image-preview:large, max-video-preview:-1\" \/>\n<link rel=\"canonical\" href=\"https:\/\/www.bio-des-alberes.fr\/nl\/contact\/\" \/>\n<meta property=\"og:locale\" content=\"nl_NL\" \/>\n<meta property=\"og:type\" content=\"article\" \/>\n<meta property=\"og:title\" content=\"Contact - Bio des Alb\u00e8res\" \/>\n<meta property=\"og:description\" content=\"ContactInformation de contactBiogourmand4@gmail.com0622298854D\u00e9partementale 618, Zone artisanale, 66740 Laroque-des-Alb\u00e8resBio des Alb\u00e8resLundi FERM\u00c9Mardi 09:15-13:00 | 15:30-19:00Mercredi 09:15-13:00 | 15:30-19:00Jeudi 09:15-13:00 | 15:30-19:00Vendredi 09:15-13:00 | 15:30-19:00Samedi 09:15-13:00 | 15:30-19:00Dimanche\u00a0FERM\u00c9D\u00e9partementale 618, Zone artisanale, 66740 Laroque-des-Alb\u00e8resLe Bio des Alb\u00e8res Bio des Alb\u00e8res est plus qu&#039;un simple magasin bio. Nous sommes une entreprise locale d\u00e9di\u00e9e \u00e0 la promotion d&#039;une alimentation [&hellip;]\" \/>\n<meta property=\"og:url\" content=\"https:\/\/www.bio-des-alberes.fr\/nl\/contact\/\" \/>\n<meta property=\"og:site_name\" content=\"Bio des Alb\u00e8res\" \/>\n<meta property=\"article:publisher\" content=\"https:\/\/www.facebook.com\/p\/Le-bio-des-Albres-61568067446958\/\" \/>\n<meta property=\"article:modified_time\" content=\"2024-12-20T13:59:12+00:00\" \/>\n<meta name=\"twitter:card\" content=\"summary_large_image\" \/>\n<script type=\"application\/ld+json\" class=\"yoast-schema-graph\">{\"@context\":\"https:\/\/schema.org\",\"@graph\":[{\"@type\":\"WebPage\",\"@id\":\"https:\/\/www.bio-des-alberes.fr\/contact\/\",\"url\":\"https:\/\/www.bio-des-alberes.fr\/contact\/\",\"name\":\"Contact - Bio des Alb\u00e8res\",\"isPartOf\":{\"@id\":\"https:\/\/www.bio-des-alberes.fr\/#website\"},\"datePublished\":\"2024-12-05T11:27:53+00:00\",\"dateModified\":\"2024-12-20T13:59:12+00:00\",\"breadcrumb\":{\"@id\":\"https:\/\/www.bio-des-alberes.fr\/contact\/#breadcrumb\"},\"inLanguage\":\"nl-NL\",\"potentialAction\":[{\"@type\":\"ReadAction\",\"target\":[\"https:\/\/www.bio-des-alberes.fr\/contact\/\"]}]},{\"@type\":\"BreadcrumbList\",\"@id\":\"https:\/\/www.bio-des-alberes.fr\/contact\/#breadcrumb\",\"itemListElement\":[{\"@type\":\"ListItem\",\"position\":1,\"name\":\"Accueil\",\"item\":\"https:\/\/www.bio-des-alberes.fr\/\"},{\"@type\":\"ListItem\",\"position\":2,\"name\":\"Contact\"}]},{\"@type\":\"WebSite\",\"@id\":\"https:\/\/www.bio-des-alberes.fr\/#website\",\"url\":\"https:\/\/www.bio-des-alberes.fr\/\",\"name\":\"Bio 66 - Magasin bio des Alberes\",\"description\":\"Fruits et l&eacute;gumes bio, produits locaux, &eacute;picerie fine\",\"publisher\":{\"@id\":\"https:\/\/www.bio-des-alberes.fr\/#organization\"},\"potentialAction\":[{\"@type\":\"SearchAction\",\"target\":{\"@type\":\"EntryPoint\",\"urlTemplate\":\"https:\/\/www.bio-des-alberes.fr\/?s={search_term_string}\"},\"query-input\":{\"@type\":\"PropertyValueSpecification\",\"valueRequired\":true,\"valueName\":\"search_term_string\"}}],\"inLanguage\":\"nl-NL\"},{\"@type\":\"Organization\",\"@id\":\"https:\/\/www.bio-des-alberes.fr\/#organization\",\"name\":\"Bio des Alb\u00e8res\",\"url\":\"https:\/\/www.bio-des-alberes.fr\/\",\"logo\":{\"@type\":\"ImageObject\",\"inLanguage\":\"nl-NL\",\"@id\":\"https:\/\/www.bio-des-alberes.fr\/#\/schema\/logo\/image\/\",\"url\":\"https:\/\/www.bio-des-alberes.fr\/wp-content\/uploads\/2024\/12\/bio-des-alberes-logo2.png\",\"contentUrl\":\"https:\/\/www.bio-des-alberes.fr\/wp-content\/uploads\/2024\/12\/bio-des-alberes-logo2.png\",\"width\":803,\"height\":466,\"caption\":\"Bio des Alb\u00e8res\"},\"image\":{\"@id\":\"https:\/\/www.bio-des-alberes.fr\/#\/schema\/logo\/image\/\"},\"sameAs\":[\"https:\/\/www.facebook.com\/p\/Le-bio-des-Albres-61568067446958\/\"]}]}<\/script>\n<!-- \/ Yoast SEO plugin. -->","yoast_head_json":{"title":"Contact - Bio des Alb\u00e8res","robots":{"index":"index","follow":"follow","max-snippet":"max-snippet:-1","max-image-preview":"max-image-preview:large","max-video-preview":"max-video-preview:-1"},"canonical":"https:\/\/www.bio-des-alberes.fr\/nl\/contact\/","og_locale":"nl_NL","og_type":"article","og_title":"Contact - Bio des Alb\u00e8res","og_description":"ContactInformation de contactBiogourmand4@gmail.com0622298854D\u00e9partementale 618, Zone artisanale, 66740 Laroque-des-Alb\u00e8resBio des Alb\u00e8resLundi FERM\u00c9Mardi 09:15-13:00 | 15:30-19:00Mercredi 09:15-13:00 | 15:30-19:00Jeudi 09:15-13:00 | 15:30-19:00Vendredi 09:15-13:00 | 15:30-19:00Samedi 09:15-13:00 | 15:30-19:00Dimanche\u00a0FERM\u00c9D\u00e9partementale 618, Zone artisanale, 66740 Laroque-des-Alb\u00e8resLe Bio des Alb\u00e8res Bio des Alb\u00e8res est plus qu'un simple magasin bio. Nous sommes une entreprise locale d\u00e9di\u00e9e \u00e0 la promotion d'une alimentation [&hellip;]","og_url":"https:\/\/www.bio-des-alberes.fr\/nl\/contact\/","og_site_name":"Bio des Alb\u00e8res","article_publisher":"https:\/\/www.facebook.com\/p\/Le-bio-des-Albres-61568067446958\/","article_modified_time":"2024-12-20T13:59:12+00:00","twitter_card":"summary_large_image","schema":{"@context":"https:\/\/schema.org","@graph":[{"@type":"WebPage","@id":"https:\/\/www.bio-des-alberes.fr\/contact\/","url":"https:\/\/www.bio-des-alberes.fr\/contact\/","name":"Contact - Bio des Alb\u00e8res","isPartOf":{"@id":"https:\/\/www.bio-des-alberes.fr\/#website"},"datePublished":"2024-12-05T11:27:53+00:00","dateModified":"2024-12-20T13:59:12+00:00","breadcrumb":{"@id":"https:\/\/www.bio-des-alberes.fr\/contact\/#breadcrumb"},"inLanguage":"nl-NL","potentialAction":[{"@type":"ReadAction","target":["https:\/\/www.bio-des-alberes.fr\/contact\/"]}]},{"@type":"BreadcrumbList","@id":"https:\/\/www.bio-des-alberes.fr\/contact\/#breadcrumb","itemListElement":[{"@type":"ListItem","position":1,"name":"Accueil","item":"https:\/\/www.bio-des-alberes.fr\/"},{"@type":"ListItem","position":2,"name":"Contact"}]},{"@type":"WebSite","@id":"https:\/\/www.bio-des-alberes.fr\/#website","url":"https:\/\/www.bio-des-alberes.fr\/","name":"Bio 66 - Magasin bio des Alberes","description":"Fruits et l&eacute;gumes bio, produits locaux, &eacute;picerie fine","publisher":{"@id":"https:\/\/www.bio-des-alberes.fr\/#organization"},"potentialAction":[{"@type":"SearchAction","target":{"@type":"EntryPoint","urlTemplate":"https:\/\/www.bio-des-alberes.fr\/?s={search_term_string}"},"query-input":{"@type":"PropertyValueSpecification","valueRequired":true,"valueName":"search_term_string"}}],"inLanguage":"nl-NL"},{"@type":"Organization","@id":"https:\/\/www.bio-des-alberes.fr\/#organization","name":"Bio des Alb\u00e8res","url":"https:\/\/www.bio-des-alberes.fr\/","logo":{"@type":"ImageObject","inLanguage":"nl-NL","@id":"https:\/\/www.bio-des-alberes.fr\/#\/schema\/logo\/image\/","url":"https:\/\/www.bio-des-alberes.fr\/wp-content\/uploads\/2024\/12\/bio-des-alberes-logo2.png","contentUrl":"https:\/\/www.bio-des-alberes.fr\/wp-content\/uploads\/2024\/12\/bio-des-alberes-logo2.png","width":803,"height":466,"caption":"Bio des Alb\u00e8res"},"image":{"@id":"https:\/\/www.bio-des-alberes.fr\/#\/schema\/logo\/image\/"},"sameAs":["https:\/\/www.facebook.com\/p\/Le-bio-des-Albres-61568067446958\/"]}]}},"_links":{"self":[{"href":"https:\/\/www.bio-des-alberes.fr\/nl\/wp-json\/wp\/v2\/pages\/117","targetHints":{"allow":["GET"]}}],"collection":[{"href":"https:\/\/www.bio-des-alberes.fr\/nl\/wp-json\/wp\/v2\/pages"}],"about":[{"href":"https:\/\/www.bio-des-alberes.fr\/nl\/wp-json\/wp\/v2\/types\/page"}],"author":[{"embeddable":true,"href":"https:\/\/www.bio-des-alberes.fr\/nl\/wp-json\/wp\/v2\/users\/1"}],"replies":[{"embeddable":true,"href":"https:\/\/www.bio-des-alberes.fr\/nl\/wp-json\/wp\/v2\/comments?post=117"}],"version-history":[{"count":0,"href":"https:\/\/www.bio-des-alberes.fr\/nl\/wp-json\/wp\/v2\/pages\/117\/revisions"}],"wp:attachment":[{"href":"https:\/\/www.bio-des-alberes.fr\/nl\/wp-json\/wp\/v2\/media?parent=117"}],"curies":[{"name":"wp","href":"https:\/\/api.w.org\/{rel}","templated":true}]}}